{"id":24906,"date":"2018-09-14T09:38:04","date_gmt":"2018-09-14T07:38:04","guid":{"rendered":"https:\/\/charles-de-flahaut.fr\/annuaire-histoire-communes\/?post_type=wpbdp_listing&#038;p=24906"},"modified":"2018-09-14T09:38:04","modified_gmt":"2018-09-14T07:38:04","slug":"histoire-et-patrimoine-de-clara-villerach-pyrenees-orientales","status":"publish","type":"wpbdp_listing","link":"https:\/\/charles-de-flahaut.fr\/annuaire-histoire-communes\/annuaire-professionnel\/histoire-et-patrimoine-de-clara-villerach-pyrenees-orientales\/","title":{"rendered":"Histoire et patrimoine de Clara-Villerach (Pyr\u00e9n\u00e9es-Orientales)"},"content":{"rendered":"<p>Ancienne villa romaine de Clarus (= illustre), Clara est devenue lieu comtal d\u00e8s le VII\u00e8me si\u00e8cle puis capitale militaire du Conflent au IX\u00e8me si\u00e8cle, aux premiers temps de la reconqu\u00eate carolingienne&#8230;.<br \/>\nCit\u00e9 pour la premi\u00e8re fois dans les archives en 1173 (BELERAC), ce petit hameau faisait partie de la maison d\u2019Enveigt puis vers 1560 de la famille d\u2019Oms et s\u2019ajouta \u00e0 la fin du 15\u00e8me \u00e0 la famille de Llupia&#8230;<\/p>\n<p>(image et extrait du site officiel de la commune&#8230; lire la suite)<\/p>\n","protected":false},"excerpt":{"rendered":"<p>Ancienne villa romaine de Clarus (= illustre), Clara est devenue lieu comtal d\u00e8s le VII\u00e8me si\u00e8cle puis capitale militaire du Conflent au IX\u00e8me si\u00e8cle, aux premiers temps de la reconqu\u00eate carolingienne&#8230;. Cit\u00e9 pour la premi\u00e8re fois dans les archives en &hellip; <a href=\"https:\/\/charles-de-flahaut.fr\/annuaire-histoire-communes\/annuaire-professionnel\/histoire-et-patrimoine-de-clara-villerach-pyrenees-orientales\/\">Continuer la lecture <span class=\"meta-nav\">&rarr;<\/span><\/a><\/p>\n","protected":false},"author":2,"featured_media":24907,"comment_status":"open","ping_status":"closed","template":"","meta":[],"wpbdp_category":[23],"wpbdp_tag":[],"class_list":["post-24906","wpbdp_listing","type-wpbdp_listing","status-publish","has-post-thumbnail","hentry","wpbdp_category-66-pyrenees-orientales"],"yoast_head":"<!-- This site is optimized with the Yoast SEO plugin v26.6 - https:\/\/yoast.com\/wordpress\/plugins\/seo\/ -->\n<title>Histoire et patrimoine de Clara-Villerach (Pyr\u00e9n\u00e9es-Orientales) - Annuaire Historique des Communes de France<\/title>\n<meta name=\"robots\" content=\"index, follow, max-snippet:-1, max-image-preview:large, max-video-preview:-1\" \/>\n<link rel=\"canonical\" href=\"https:\/\/charles-de-flahaut.fr\/annuaire-histoire-communes\/annuaire-professionnel\/histoire-et-patrimoine-de-clara-villerach-pyrenees-orientales\/\" \/>\n<meta property=\"og:locale\" content=\"fr_FR\" \/>\n<meta property=\"og:type\" content=\"article\" \/>\n<meta property=\"og:title\" content=\"Histoire et patrimoine de Clara-Villerach (Pyr\u00e9n\u00e9es-Orientales) - Annuaire Historique des Communes de France\" \/>\n<meta property=\"og:description\" content=\"Ancienne villa romaine de Clarus (= illustre), Clara est devenue lieu comtal d\u00e8s le VII\u00e8me si\u00e8cle puis capitale militaire du Conflent au IX\u00e8me si\u00e8cle, aux premiers temps de la reconqu\u00eate carolingienne&#8230;. Cit\u00e9 pour la premi\u00e8re fois dans les archives en &hellip; Continuer la lecture &rarr;\" \/>\n<meta property=\"og:url\" content=\"https:\/\/charles-de-flahaut.fr\/annuaire-histoire-communes\/annuaire-professionnel\/histoire-et-patrimoine-de-clara-villerach-pyrenees-orientales\/\" \/>\n<meta property=\"og:site_name\" content=\"Annuaire Historique des Communes de France\" \/>\n<meta property=\"article:publisher\" content=\"https:\/\/www.facebook.com\/Sites.HistoiredeFrance\" \/>\n<meta property=\"og:image\" content=\"https:\/\/charles-de-flahaut.fr\/annuaire-histoire-communes\/wp-content\/uploads\/2018\/09\/claravillerach66.jpg\" \/>\n\t<meta property=\"og:image:width\" content=\"300\" \/>\n\t<meta property=\"og:image:height\" content=\"201\" \/>\n\t<meta property=\"og:image:type\" content=\"image\/jpeg\" \/>\n<meta name=\"twitter:card\" content=\"summary_large_image\" \/>\n<script type=\"application\/ld+json\" class=\"yoast-schema-graph\">{\"@context\":\"https:\/\/schema.org\",\"@graph\":[{\"@type\":\"WebPage\",\"@id\":\"https:\/\/charles-de-flahaut.fr\/annuaire-histoire-communes\/annuaire-professionnel\/histoire-et-patrimoine-de-clara-villerach-pyrenees-orientales\/\",\"url\":\"https:\/\/charles-de-flahaut.fr\/annuaire-histoire-communes\/annuaire-professionnel\/histoire-et-patrimoine-de-clara-villerach-pyrenees-orientales\/\",\"name\":\"Histoire et patrimoine de Clara-Villerach (Pyr\u00e9n\u00e9es-Orientales) - Annuaire Historique des Communes de France\",\"isPartOf\":{\"@id\":\"https:\/\/charles-de-flahaut.fr\/annuaire-histoire-communes\/#website\"},\"primaryImageOfPage\":{\"@id\":\"https:\/\/charles-de-flahaut.fr\/annuaire-histoire-communes\/annuaire-professionnel\/histoire-et-patrimoine-de-clara-villerach-pyrenees-orientales\/#primaryimage\"},\"image\":{\"@id\":\"https:\/\/charles-de-flahaut.fr\/annuaire-histoire-communes\/annuaire-professionnel\/histoire-et-patrimoine-de-clara-villerach-pyrenees-orientales\/#primaryimage\"},\"thumbnailUrl\":\"https:\/\/charles-de-flahaut.fr\/annuaire-histoire-communes\/wp-content\/uploads\/2018\/09\/claravillerach66.jpg\",\"datePublished\":\"2018-09-14T07:38:04+00:00\",\"breadcrumb\":{\"@id\":\"https:\/\/charles-de-flahaut.fr\/annuaire-histoire-communes\/annuaire-professionnel\/histoire-et-patrimoine-de-clara-villerach-pyrenees-orientales\/#breadcrumb\"},\"inLanguage\":\"fr-FR\",\"potentialAction\":[{\"@type\":\"ReadAction\",\"target\":[\"https:\/\/charles-de-flahaut.fr\/annuaire-histoire-communes\/annuaire-professionnel\/histoire-et-patrimoine-de-clara-villerach-pyrenees-orientales\/\"]}]},{\"@type\":\"ImageObject\",\"inLanguage\":\"fr-FR\",\"@id\":\"https:\/\/charles-de-flahaut.fr\/annuaire-histoire-communes\/annuaire-professionnel\/histoire-et-patrimoine-de-clara-villerach-pyrenees-orientales\/#primaryimage\",\"url\":\"https:\/\/charles-de-flahaut.fr\/annuaire-histoire-communes\/wp-content\/uploads\/2018\/09\/claravillerach66.jpg\",\"contentUrl\":\"https:\/\/charles-de-flahaut.fr\/annuaire-histoire-communes\/wp-content\/uploads\/2018\/09\/claravillerach66.jpg\",\"width\":300,\"height\":201},{\"@type\":\"BreadcrumbList\",\"@id\":\"https:\/\/charles-de-flahaut.fr\/annuaire-histoire-communes\/annuaire-professionnel\/histoire-et-patrimoine-de-clara-villerach-pyrenees-orientales\/#breadcrumb\",\"itemListElement\":[{\"@type\":\"ListItem\",\"position\":1,\"name\":\"Accueil\",\"item\":\"https:\/\/charles-de-flahaut.fr\/annuaire-histoire-communes\/\"},{\"@type\":\"ListItem\",\"position\":2,\"name\":\"Histoire et patrimoine de Clara-Villerach (Pyr\u00e9n\u00e9es-Orientales)\"}]},{\"@type\":\"WebSite\",\"@id\":\"https:\/\/charles-de-flahaut.fr\/annuaire-histoire-communes\/#website\",\"url\":\"https:\/\/charles-de-flahaut.fr\/annuaire-histoire-communes\/\",\"name\":\"Annuaire Historique des Communes de France\",\"description\":\"annuaire recensant les pages relatives \u00e0 l&#039;Histoire et au Patrimoine des villes et villages de France\",\"publisher\":{\"@id\":\"https:\/\/charles-de-flahaut.fr\/annuaire-histoire-communes\/#\/schema\/person\/d16946e994227e7154f6f213ea03ae7b\"},\"potentialAction\":[{\"@type\":\"SearchAction\",\"target\":{\"@type\":\"EntryPoint\",\"urlTemplate\":\"https:\/\/charles-de-flahaut.fr\/annuaire-histoire-communes\/?s={search_term_string}\"},\"query-input\":{\"@type\":\"PropertyValueSpecification\",\"valueRequired\":true,\"valueName\":\"search_term_string\"}}],\"inLanguage\":\"fr-FR\"},{\"@type\":[\"Person\",\"Organization\"],\"@id\":\"https:\/\/charles-de-flahaut.fr\/annuaire-histoire-communes\/#\/schema\/person\/d16946e994227e7154f6f213ea03ae7b\",\"name\":\"administrateur2\",\"image\":{\"@type\":\"ImageObject\",\"inLanguage\":\"fr-FR\",\"@id\":\"https:\/\/charles-de-flahaut.fr\/annuaire-histoire-communes\/#\/schema\/person\/image\/\",\"url\":\"https:\/\/secure.gravatar.com\/avatar\/d0fc7d68e15c7c456cf6f1b9b774d54a7a9e6452d8deac23b3f1ef133710d3d3?s=96&d=mm&r=g\",\"contentUrl\":\"https:\/\/secure.gravatar.com\/avatar\/d0fc7d68e15c7c456cf6f1b9b774d54a7a9e6452d8deac23b3f1ef133710d3d3?s=96&d=mm&r=g\",\"caption\":\"administrateur2\"},\"logo\":{\"@id\":\"https:\/\/charles-de-flahaut.fr\/annuaire-histoire-communes\/#\/schema\/person\/image\/\"},\"sameAs\":[\"https:\/\/www.facebook.com\/Sites.HistoiredeFrance\"]}]}<\/script>\n<!-- \/ Yoast SEO plugin. -->","yoast_head_json":{"title":"Histoire et patrimoine de Clara-Villerach (Pyr\u00e9n\u00e9es-Orientales) - Annuaire Historique des Communes de France","robots":{"index":"index","follow":"follow","max-snippet":"max-snippet:-1","max-image-preview":"max-image-preview:large","max-video-preview":"max-video-preview:-1"},"canonical":"https:\/\/charles-de-flahaut.fr\/annuaire-histoire-communes\/annuaire-professionnel\/histoire-et-patrimoine-de-clara-villerach-pyrenees-orientales\/","og_locale":"fr_FR","og_type":"article","og_title":"Histoire et patrimoine de Clara-Villerach (Pyr\u00e9n\u00e9es-Orientales) - Annuaire Historique des Communes de France","og_description":"Ancienne villa romaine de Clarus (= illustre), Clara est devenue lieu comtal d\u00e8s le VII\u00e8me si\u00e8cle puis capitale militaire du Conflent au IX\u00e8me si\u00e8cle, aux premiers temps de la reconqu\u00eate carolingienne&#8230;. Cit\u00e9 pour la premi\u00e8re fois dans les archives en &hellip; Continuer la lecture &rarr;","og_url":"https:\/\/charles-de-flahaut.fr\/annuaire-histoire-communes\/annuaire-professionnel\/histoire-et-patrimoine-de-clara-villerach-pyrenees-orientales\/","og_site_name":"Annuaire Historique des Communes de France","article_publisher":"https:\/\/www.facebook.com\/Sites.HistoiredeFrance","og_image":[{"width":300,"height":201,"url":"https:\/\/charles-de-flahaut.fr\/annuaire-histoire-communes\/wp-content\/uploads\/2018\/09\/claravillerach66.jpg","type":"image\/jpeg"}],"twitter_card":"summary_large_image","schema":{"@context":"https:\/\/schema.org","@graph":[{"@type":"WebPage","@id":"https:\/\/charles-de-flahaut.fr\/annuaire-histoire-communes\/annuaire-professionnel\/histoire-et-patrimoine-de-clara-villerach-pyrenees-orientales\/","url":"https:\/\/charles-de-flahaut.fr\/annuaire-histoire-communes\/annuaire-professionnel\/histoire-et-patrimoine-de-clara-villerach-pyrenees-orientales\/","name":"Histoire et patrimoine de Clara-Villerach (Pyr\u00e9n\u00e9es-Orientales) - Annuaire Historique des Communes de France","isPartOf":{"@id":"https:\/\/charles-de-flahaut.fr\/annuaire-histoire-communes\/#website"},"primaryImageOfPage":{"@id":"https:\/\/charles-de-flahaut.fr\/annuaire-histoire-communes\/annuaire-professionnel\/histoire-et-patrimoine-de-clara-villerach-pyrenees-orientales\/#primaryimage"},"image":{"@id":"https:\/\/charles-de-flahaut.fr\/annuaire-histoire-communes\/annuaire-professionnel\/histoire-et-patrimoine-de-clara-villerach-pyrenees-orientales\/#primaryimage"},"thumbnailUrl":"https:\/\/charles-de-flahaut.fr\/annuaire-histoire-communes\/wp-content\/uploads\/2018\/09\/claravillerach66.jpg","datePublished":"2018-09-14T07:38:04+00:00","breadcrumb":{"@id":"https:\/\/charles-de-flahaut.fr\/annuaire-histoire-communes\/annuaire-professionnel\/histoire-et-patrimoine-de-clara-villerach-pyrenees-orientales\/#breadcrumb"},"inLanguage":"fr-FR","potentialAction":[{"@type":"ReadAction","target":["https:\/\/charles-de-flahaut.fr\/annuaire-histoire-communes\/annuaire-professionnel\/histoire-et-patrimoine-de-clara-villerach-pyrenees-orientales\/"]}]},{"@type":"ImageObject","inLanguage":"fr-FR","@id":"https:\/\/charles-de-flahaut.fr\/annuaire-histoire-communes\/annuaire-professionnel\/histoire-et-patrimoine-de-clara-villerach-pyrenees-orientales\/#primaryimage","url":"https:\/\/charles-de-flahaut.fr\/annuaire-histoire-communes\/wp-content\/uploads\/2018\/09\/claravillerach66.jpg","contentUrl":"https:\/\/charles-de-flahaut.fr\/annuaire-histoire-communes\/wp-content\/uploads\/2018\/09\/claravillerach66.jpg","width":300,"height":201},{"@type":"BreadcrumbList","@id":"https:\/\/charles-de-flahaut.fr\/annuaire-histoire-communes\/annuaire-professionnel\/histoire-et-patrimoine-de-clara-villerach-pyrenees-orientales\/#breadcrumb","itemListElement":[{"@type":"ListItem","position":1,"name":"Accueil","item":"https:\/\/charles-de-flahaut.fr\/annuaire-histoire-communes\/"},{"@type":"ListItem","position":2,"name":"Histoire et patrimoine de Clara-Villerach (Pyr\u00e9n\u00e9es-Orientales)"}]},{"@type":"WebSite","@id":"https:\/\/charles-de-flahaut.fr\/annuaire-histoire-communes\/#website","url":"https:\/\/charles-de-flahaut.fr\/annuaire-histoire-communes\/","name":"Annuaire Historique des Communes de France","description":"annuaire recensant les pages relatives \u00e0 l&#039;Histoire et au Patrimoine des villes et villages de France","publisher":{"@id":"https:\/\/charles-de-flahaut.fr\/annuaire-histoire-communes\/#\/schema\/person\/d16946e994227e7154f6f213ea03ae7b"},"potentialAction":[{"@type":"SearchAction","target":{"@type":"EntryPoint","urlTemplate":"https:\/\/charles-de-flahaut.fr\/annuaire-histoire-communes\/?s={search_term_string}"},"query-input":{"@type":"PropertyValueSpecification","valueRequired":true,"valueName":"search_term_string"}}],"inLanguage":"fr-FR"},{"@type":["Person","Organization"],"@id":"https:\/\/charles-de-flahaut.fr\/annuaire-histoire-communes\/#\/schema\/person\/d16946e994227e7154f6f213ea03ae7b","name":"administrateur2","image":{"@type":"ImageObject","inLanguage":"fr-FR","@id":"https:\/\/charles-de-flahaut.fr\/annuaire-histoire-communes\/#\/schema\/person\/image\/","url":"https:\/\/secure.gravatar.com\/avatar\/d0fc7d68e15c7c456cf6f1b9b774d54a7a9e6452d8deac23b3f1ef133710d3d3?s=96&d=mm&r=g","contentUrl":"https:\/\/secure.gravatar.com\/avatar\/d0fc7d68e15c7c456cf6f1b9b774d54a7a9e6452d8deac23b3f1ef133710d3d3?s=96&d=mm&r=g","caption":"administrateur2"},"logo":{"@id":"https:\/\/charles-de-flahaut.fr\/annuaire-histoire-communes\/#\/schema\/person\/image\/"},"sameAs":["https:\/\/www.facebook.com\/Sites.HistoiredeFrance"]}]}},"amp_enabled":true,"_links":{"self":[{"href":"https:\/\/charles-de-flahaut.fr\/annuaire-histoire-communes\/wp-json\/wp\/v2\/wpbdp_listing\/24906","targetHints":{"allow":["GET"]}}],"collection":[{"href":"https:\/\/charles-de-flahaut.fr\/annuaire-histoire-communes\/wp-json\/wp\/v2\/wpbdp_listing"}],"about":[{"href":"https:\/\/charles-de-flahaut.fr\/annuaire-histoire-communes\/wp-json\/wp\/v2\/types\/wpbdp_listing"}],"author":[{"embeddable":true,"href":"https:\/\/charles-de-flahaut.fr\/annuaire-histoire-communes\/wp-json\/wp\/v2\/users\/2"}],"replies":[{"embeddable":true,"href":"https:\/\/charles-de-flahaut.fr\/annuaire-histoire-communes\/wp-json\/wp\/v2\/comments?post=24906"}],"wp:featuredmedia":[{"embeddable":true,"href":"https:\/\/charles-de-flahaut.fr\/annuaire-histoire-communes\/wp-json\/wp\/v2\/media\/24907"}],"wp:attachment":[{"href":"https:\/\/charles-de-flahaut.fr\/annuaire-histoire-communes\/wp-json\/wp\/v2\/media?parent=24906"}],"wp:term":[{"taxonomy":"wpbdp_category","embeddable":true,"href":"https:\/\/charles-de-flahaut.fr\/annuaire-histoire-communes\/wp-json\/wp\/v2\/wpbdp_category?post=24906"},{"taxonomy":"wpbdp_tag","embeddable":true,"href":"https:\/\/charles-de-flahaut.fr\/annuaire-histoire-communes\/wp-json\/wp\/v2\/wpbdp_tag?post=24906"}],"curies":[{"name":"wp","href":"https:\/\/api.w.org\/{rel}","templated":true}]}}