{"id":40138,"date":"2021-10-12T10:58:39","date_gmt":"2021-10-12T08:58:39","guid":{"rendered":"https:\/\/charles-de-flahaut.fr\/annuaire-histoire-communes\/?post_type=wpbdp_listing&#038;p=40138"},"modified":"2021-10-12T10:58:39","modified_gmt":"2021-10-12T08:58:39","slug":"histoire-et-patrimoine-de-cannes-et-clairan-gard","status":"publish","type":"wpbdp_listing","link":"https:\/\/charles-de-flahaut.fr\/annuaire-histoire-communes\/annuaire-professionnel\/histoire-et-patrimoine-de-cannes-et-clairan-gard\/","title":{"rendered":"Histoire et patrimoine de Cannes et Clairan (Gard)"},"content":{"rendered":"<p>Cannes et Clairan ont connu deux destins parall\u00e8les avant d\u2019\u00eatre r\u00e9unis en 1790 (voici l\u2019archive de la r\u00e9volution qui retrace la\u00a0cr\u00e9ation de l\u2019entit\u00e9 \u00ab\u00a0Cannes et Clairan\u00a0\u00bb)<br \/>\nLa premi\u00e8re mention de Cannes date de 1313, celle de Clairan de 1273. Cannes compte alors un prieur\u00e9, dont d\u00e9pend Saint-Saturnin de Clairan.<br \/>\nCannes est le si\u00e8ge d\u2019une Seigneurie, il existe un ch\u00e2teau, ou une construction fortifi\u00e9e, ruin\u00e9 d\u00e8s le XVI si\u00e8cle&#8230;<\/p>\n<p>(image et extrait du site officiel de la commune&#8230; lire la suite)<\/p>\n","protected":false},"excerpt":{"rendered":"<p>Cannes et Clairan ont connu deux destins parall\u00e8les avant d\u2019\u00eatre r\u00e9unis en 1790 (voici l\u2019archive de la r\u00e9volution qui retrace la\u00a0cr\u00e9ation de l\u2019entit\u00e9 \u00ab\u00a0Cannes et Clairan\u00a0\u00bb) La premi\u00e8re mention de Cannes date de 1313, celle de Clairan de 1273. Cannes &hellip; <a href=\"https:\/\/charles-de-flahaut.fr\/annuaire-histoire-communes\/annuaire-professionnel\/histoire-et-patrimoine-de-cannes-et-clairan-gard\/\">Continuer la lecture <span class=\"meta-nav\">&rarr;<\/span><\/a><\/p>\n","protected":false},"author":2,"featured_media":40139,"comment_status":"open","ping_status":"closed","template":"","meta":[],"wpbdp_category":[77],"wpbdp_tag":[],"class_list":["post-40138","wpbdp_listing","type-wpbdp_listing","status-publish","has-post-thumbnail","hentry","wpbdp_category-30-gard"],"yoast_head":"<!-- This site is optimized with the Yoast SEO plugin v26.6 - https:\/\/yoast.com\/wordpress\/plugins\/seo\/ -->\n<title>Histoire et patrimoine de Cannes et Clairan (Gard) - Annuaire Historique des Communes de France<\/title>\n<meta name=\"robots\" content=\"index, follow, max-snippet:-1, max-image-preview:large, max-video-preview:-1\" \/>\n<link rel=\"canonical\" href=\"https:\/\/charles-de-flahaut.fr\/annuaire-histoire-communes\/annuaire-professionnel\/histoire-et-patrimoine-de-cannes-et-clairan-gard\/\" \/>\n<meta property=\"og:locale\" content=\"fr_FR\" \/>\n<meta property=\"og:type\" content=\"article\" \/>\n<meta property=\"og:title\" content=\"Histoire et patrimoine de Cannes et Clairan (Gard) - Annuaire Historique des Communes de France\" \/>\n<meta property=\"og:description\" content=\"Cannes et Clairan ont connu deux destins parall\u00e8les avant d\u2019\u00eatre r\u00e9unis en 1790 (voici l\u2019archive de la r\u00e9volution qui retrace la\u00a0cr\u00e9ation de l\u2019entit\u00e9 \u00ab\u00a0Cannes et Clairan\u00a0\u00bb) La premi\u00e8re mention de Cannes date de 1313, celle de Clairan de 1273. Cannes &hellip; Continuer la lecture &rarr;\" \/>\n<meta property=\"og:url\" content=\"https:\/\/charles-de-flahaut.fr\/annuaire-histoire-communes\/annuaire-professionnel\/histoire-et-patrimoine-de-cannes-et-clairan-gard\/\" \/>\n<meta property=\"og:site_name\" content=\"Annuaire Historique des Communes de France\" \/>\n<meta property=\"article:publisher\" content=\"https:\/\/www.facebook.com\/Sites.HistoiredeFrance\" \/>\n<meta property=\"og:image\" content=\"https:\/\/charles-de-flahaut.fr\/annuaire-histoire-communes\/wp-content\/uploads\/2021\/10\/cannesetclairan30.png\" \/>\n\t<meta property=\"og:image:width\" content=\"513\" \/>\n\t<meta property=\"og:image:height\" content=\"387\" \/>\n\t<meta property=\"og:image:type\" content=\"image\/png\" \/>\n<meta name=\"twitter:card\" content=\"summary_large_image\" \/>\n<meta name=\"twitter:label1\" content=\"Dur\u00e9e de lecture estim\u00e9e\" \/>\n\t<meta name=\"twitter:data1\" content=\"1 minute\" \/>\n<script type=\"application\/ld+json\" class=\"yoast-schema-graph\">{\"@context\":\"https:\/\/schema.org\",\"@graph\":[{\"@type\":\"WebPage\",\"@id\":\"https:\/\/charles-de-flahaut.fr\/annuaire-histoire-communes\/annuaire-professionnel\/histoire-et-patrimoine-de-cannes-et-clairan-gard\/\",\"url\":\"https:\/\/charles-de-flahaut.fr\/annuaire-histoire-communes\/annuaire-professionnel\/histoire-et-patrimoine-de-cannes-et-clairan-gard\/\",\"name\":\"Histoire et patrimoine de Cannes et Clairan (Gard) - Annuaire Historique des Communes de France\",\"isPartOf\":{\"@id\":\"https:\/\/charles-de-flahaut.fr\/annuaire-histoire-communes\/#website\"},\"primaryImageOfPage\":{\"@id\":\"https:\/\/charles-de-flahaut.fr\/annuaire-histoire-communes\/annuaire-professionnel\/histoire-et-patrimoine-de-cannes-et-clairan-gard\/#primaryimage\"},\"image\":{\"@id\":\"https:\/\/charles-de-flahaut.fr\/annuaire-histoire-communes\/annuaire-professionnel\/histoire-et-patrimoine-de-cannes-et-clairan-gard\/#primaryimage\"},\"thumbnailUrl\":\"https:\/\/charles-de-flahaut.fr\/annuaire-histoire-communes\/wp-content\/uploads\/2021\/10\/cannesetclairan30.png\",\"datePublished\":\"2021-10-12T08:58:39+00:00\",\"breadcrumb\":{\"@id\":\"https:\/\/charles-de-flahaut.fr\/annuaire-histoire-communes\/annuaire-professionnel\/histoire-et-patrimoine-de-cannes-et-clairan-gard\/#breadcrumb\"},\"inLanguage\":\"fr-FR\",\"potentialAction\":[{\"@type\":\"ReadAction\",\"target\":[\"https:\/\/charles-de-flahaut.fr\/annuaire-histoire-communes\/annuaire-professionnel\/histoire-et-patrimoine-de-cannes-et-clairan-gard\/\"]}]},{\"@type\":\"ImageObject\",\"inLanguage\":\"fr-FR\",\"@id\":\"https:\/\/charles-de-flahaut.fr\/annuaire-histoire-communes\/annuaire-professionnel\/histoire-et-patrimoine-de-cannes-et-clairan-gard\/#primaryimage\",\"url\":\"https:\/\/charles-de-flahaut.fr\/annuaire-histoire-communes\/wp-content\/uploads\/2021\/10\/cannesetclairan30.png\",\"contentUrl\":\"https:\/\/charles-de-flahaut.fr\/annuaire-histoire-communes\/wp-content\/uploads\/2021\/10\/cannesetclairan30.png\",\"width\":513,\"height\":387},{\"@type\":\"BreadcrumbList\",\"@id\":\"https:\/\/charles-de-flahaut.fr\/annuaire-histoire-communes\/annuaire-professionnel\/histoire-et-patrimoine-de-cannes-et-clairan-gard\/#breadcrumb\",\"itemListElement\":[{\"@type\":\"ListItem\",\"position\":1,\"name\":\"Accueil\",\"item\":\"https:\/\/charles-de-flahaut.fr\/annuaire-histoire-communes\/\"},{\"@type\":\"ListItem\",\"position\":2,\"name\":\"Histoire et patrimoine de Cannes et Clairan (Gard)\"}]},{\"@type\":\"WebSite\",\"@id\":\"https:\/\/charles-de-flahaut.fr\/annuaire-histoire-communes\/#website\",\"url\":\"https:\/\/charles-de-flahaut.fr\/annuaire-histoire-communes\/\",\"name\":\"Annuaire Historique des Communes de France\",\"description\":\"annuaire recensant les pages relatives \u00e0 l&#039;Histoire et au Patrimoine des villes et villages de France\",\"publisher\":{\"@id\":\"https:\/\/charles-de-flahaut.fr\/annuaire-histoire-communes\/#\/schema\/person\/d16946e994227e7154f6f213ea03ae7b\"},\"potentialAction\":[{\"@type\":\"SearchAction\",\"target\":{\"@type\":\"EntryPoint\",\"urlTemplate\":\"https:\/\/charles-de-flahaut.fr\/annuaire-histoire-communes\/?s={search_term_string}\"},\"query-input\":{\"@type\":\"PropertyValueSpecification\",\"valueRequired\":true,\"valueName\":\"search_term_string\"}}],\"inLanguage\":\"fr-FR\"},{\"@type\":[\"Person\",\"Organization\"],\"@id\":\"https:\/\/charles-de-flahaut.fr\/annuaire-histoire-communes\/#\/schema\/person\/d16946e994227e7154f6f213ea03ae7b\",\"name\":\"administrateur2\",\"image\":{\"@type\":\"ImageObject\",\"inLanguage\":\"fr-FR\",\"@id\":\"https:\/\/charles-de-flahaut.fr\/annuaire-histoire-communes\/#\/schema\/person\/image\/\",\"url\":\"https:\/\/secure.gravatar.com\/avatar\/d0fc7d68e15c7c456cf6f1b9b774d54a7a9e6452d8deac23b3f1ef133710d3d3?s=96&d=mm&r=g\",\"contentUrl\":\"https:\/\/secure.gravatar.com\/avatar\/d0fc7d68e15c7c456cf6f1b9b774d54a7a9e6452d8deac23b3f1ef133710d3d3?s=96&d=mm&r=g\",\"caption\":\"administrateur2\"},\"logo\":{\"@id\":\"https:\/\/charles-de-flahaut.fr\/annuaire-histoire-communes\/#\/schema\/person\/image\/\"},\"sameAs\":[\"https:\/\/www.facebook.com\/Sites.HistoiredeFrance\"]}]}<\/script>\n<!-- \/ Yoast SEO plugin. -->","yoast_head_json":{"title":"Histoire et patrimoine de Cannes et Clairan (Gard) - Annuaire Historique des Communes de France","robots":{"index":"index","follow":"follow","max-snippet":"max-snippet:-1","max-image-preview":"max-image-preview:large","max-video-preview":"max-video-preview:-1"},"canonical":"https:\/\/charles-de-flahaut.fr\/annuaire-histoire-communes\/annuaire-professionnel\/histoire-et-patrimoine-de-cannes-et-clairan-gard\/","og_locale":"fr_FR","og_type":"article","og_title":"Histoire et patrimoine de Cannes et Clairan (Gard) - Annuaire Historique des Communes de France","og_description":"Cannes et Clairan ont connu deux destins parall\u00e8les avant d\u2019\u00eatre r\u00e9unis en 1790 (voici l\u2019archive de la r\u00e9volution qui retrace la\u00a0cr\u00e9ation de l\u2019entit\u00e9 \u00ab\u00a0Cannes et Clairan\u00a0\u00bb) La premi\u00e8re mention de Cannes date de 1313, celle de Clairan de 1273. Cannes &hellip; Continuer la lecture &rarr;","og_url":"https:\/\/charles-de-flahaut.fr\/annuaire-histoire-communes\/annuaire-professionnel\/histoire-et-patrimoine-de-cannes-et-clairan-gard\/","og_site_name":"Annuaire Historique des Communes de France","article_publisher":"https:\/\/www.facebook.com\/Sites.HistoiredeFrance","og_image":[{"width":513,"height":387,"url":"https:\/\/charles-de-flahaut.fr\/annuaire-histoire-communes\/wp-content\/uploads\/2021\/10\/cannesetclairan30.png","type":"image\/png"}],"twitter_card":"summary_large_image","twitter_misc":{"Dur\u00e9e de lecture estim\u00e9e":"1 minute"},"schema":{"@context":"https:\/\/schema.org","@graph":[{"@type":"WebPage","@id":"https:\/\/charles-de-flahaut.fr\/annuaire-histoire-communes\/annuaire-professionnel\/histoire-et-patrimoine-de-cannes-et-clairan-gard\/","url":"https:\/\/charles-de-flahaut.fr\/annuaire-histoire-communes\/annuaire-professionnel\/histoire-et-patrimoine-de-cannes-et-clairan-gard\/","name":"Histoire et patrimoine de Cannes et Clairan (Gard) - Annuaire Historique des Communes de France","isPartOf":{"@id":"https:\/\/charles-de-flahaut.fr\/annuaire-histoire-communes\/#website"},"primaryImageOfPage":{"@id":"https:\/\/charles-de-flahaut.fr\/annuaire-histoire-communes\/annuaire-professionnel\/histoire-et-patrimoine-de-cannes-et-clairan-gard\/#primaryimage"},"image":{"@id":"https:\/\/charles-de-flahaut.fr\/annuaire-histoire-communes\/annuaire-professionnel\/histoire-et-patrimoine-de-cannes-et-clairan-gard\/#primaryimage"},"thumbnailUrl":"https:\/\/charles-de-flahaut.fr\/annuaire-histoire-communes\/wp-content\/uploads\/2021\/10\/cannesetclairan30.png","datePublished":"2021-10-12T08:58:39+00:00","breadcrumb":{"@id":"https:\/\/charles-de-flahaut.fr\/annuaire-histoire-communes\/annuaire-professionnel\/histoire-et-patrimoine-de-cannes-et-clairan-gard\/#breadcrumb"},"inLanguage":"fr-FR","potentialAction":[{"@type":"ReadAction","target":["https:\/\/charles-de-flahaut.fr\/annuaire-histoire-communes\/annuaire-professionnel\/histoire-et-patrimoine-de-cannes-et-clairan-gard\/"]}]},{"@type":"ImageObject","inLanguage":"fr-FR","@id":"https:\/\/charles-de-flahaut.fr\/annuaire-histoire-communes\/annuaire-professionnel\/histoire-et-patrimoine-de-cannes-et-clairan-gard\/#primaryimage","url":"https:\/\/charles-de-flahaut.fr\/annuaire-histoire-communes\/wp-content\/uploads\/2021\/10\/cannesetclairan30.png","contentUrl":"https:\/\/charles-de-flahaut.fr\/annuaire-histoire-communes\/wp-content\/uploads\/2021\/10\/cannesetclairan30.png","width":513,"height":387},{"@type":"BreadcrumbList","@id":"https:\/\/charles-de-flahaut.fr\/annuaire-histoire-communes\/annuaire-professionnel\/histoire-et-patrimoine-de-cannes-et-clairan-gard\/#breadcrumb","itemListElement":[{"@type":"ListItem","position":1,"name":"Accueil","item":"https:\/\/charles-de-flahaut.fr\/annuaire-histoire-communes\/"},{"@type":"ListItem","position":2,"name":"Histoire et patrimoine de Cannes et Clairan (Gard)"}]},{"@type":"WebSite","@id":"https:\/\/charles-de-flahaut.fr\/annuaire-histoire-communes\/#website","url":"https:\/\/charles-de-flahaut.fr\/annuaire-histoire-communes\/","name":"Annuaire Historique des Communes de France","description":"annuaire recensant les pages relatives \u00e0 l&#039;Histoire et au Patrimoine des villes et villages de France","publisher":{"@id":"https:\/\/charles-de-flahaut.fr\/annuaire-histoire-communes\/#\/schema\/person\/d16946e994227e7154f6f213ea03ae7b"},"potentialAction":[{"@type":"SearchAction","target":{"@type":"EntryPoint","urlTemplate":"https:\/\/charles-de-flahaut.fr\/annuaire-histoire-communes\/?s={search_term_string}"},"query-input":{"@type":"PropertyValueSpecification","valueRequired":true,"valueName":"search_term_string"}}],"inLanguage":"fr-FR"},{"@type":["Person","Organization"],"@id":"https:\/\/charles-de-flahaut.fr\/annuaire-histoire-communes\/#\/schema\/person\/d16946e994227e7154f6f213ea03ae7b","name":"administrateur2","image":{"@type":"ImageObject","inLanguage":"fr-FR","@id":"https:\/\/charles-de-flahaut.fr\/annuaire-histoire-communes\/#\/schema\/person\/image\/","url":"https:\/\/secure.gravatar.com\/avatar\/d0fc7d68e15c7c456cf6f1b9b774d54a7a9e6452d8deac23b3f1ef133710d3d3?s=96&d=mm&r=g","contentUrl":"https:\/\/secure.gravatar.com\/avatar\/d0fc7d68e15c7c456cf6f1b9b774d54a7a9e6452d8deac23b3f1ef133710d3d3?s=96&d=mm&r=g","caption":"administrateur2"},"logo":{"@id":"https:\/\/charles-de-flahaut.fr\/annuaire-histoire-communes\/#\/schema\/person\/image\/"},"sameAs":["https:\/\/www.facebook.com\/Sites.HistoiredeFrance"]}]}},"amp_enabled":true,"_links":{"self":[{"href":"https:\/\/charles-de-flahaut.fr\/annuaire-histoire-communes\/wp-json\/wp\/v2\/wpbdp_listing\/40138","targetHints":{"allow":["GET"]}}],"collection":[{"href":"https:\/\/charles-de-flahaut.fr\/annuaire-histoire-communes\/wp-json\/wp\/v2\/wpbdp_listing"}],"about":[{"href":"https:\/\/charles-de-flahaut.fr\/annuaire-histoire-communes\/wp-json\/wp\/v2\/types\/wpbdp_listing"}],"author":[{"embeddable":true,"href":"https:\/\/charles-de-flahaut.fr\/annuaire-histoire-communes\/wp-json\/wp\/v2\/users\/2"}],"replies":[{"embeddable":true,"href":"https:\/\/charles-de-flahaut.fr\/annuaire-histoire-communes\/wp-json\/wp\/v2\/comments?post=40138"}],"wp:featuredmedia":[{"embeddable":true,"href":"https:\/\/charles-de-flahaut.fr\/annuaire-histoire-communes\/wp-json\/wp\/v2\/media\/40139"}],"wp:attachment":[{"href":"https:\/\/charles-de-flahaut.fr\/annuaire-histoire-communes\/wp-json\/wp\/v2\/media?parent=40138"}],"wp:term":[{"taxonomy":"wpbdp_category","embeddable":true,"href":"https:\/\/charles-de-flahaut.fr\/annuaire-histoire-communes\/wp-json\/wp\/v2\/wpbdp_category?post=40138"},{"taxonomy":"wpbdp_tag","embeddable":true,"href":"https:\/\/charles-de-flahaut.fr\/annuaire-histoire-communes\/wp-json\/wp\/v2\/wpbdp_tag?post=40138"}],"curies":[{"name":"wp","href":"https:\/\/api.w.org\/{rel}","templated":true}]}}