{"id":42753,"date":"2022-04-14T16:55:24","date_gmt":"2022-04-14T14:55:24","guid":{"rendered":"https:\/\/charles-de-flahaut.fr\/annuaire-histoire-communes\/?post_type=wpbdp_listing&#038;p=42753"},"modified":"2022-04-14T16:55:24","modified_gmt":"2022-04-14T14:55:24","slug":"histoire-et-patrimoine-de-sedzere-pyrenees-atlantiques","status":"publish","type":"wpbdp_listing","link":"https:\/\/charles-de-flahaut.fr\/annuaire-histoire-communes\/annuaire-professionnel\/histoire-et-patrimoine-de-sedzere-pyrenees-atlantiques\/","title":{"rendered":"Histoire et patrimoine de Sedz\u00e8re (Pyr\u00e9n\u00e9es-Atlantiques)"},"content":{"rendered":"<p><img loading=\"lazy\" decoding=\"async\" class=\"alignleft size-medium wp-image-42754\" src=\"https:\/\/charles-de-flahaut.fr\/annuaire-histoire-communes\/wp-content\/uploads\/2022\/04\/sedzere64-300x137.jpg\" alt=\"\" width=\"300\" height=\"137\" srcset=\"https:\/\/charles-de-flahaut.fr\/annuaire-histoire-communes\/wp-content\/uploads\/2022\/04\/sedzere64-300x137.jpg 300w, https:\/\/charles-de-flahaut.fr\/annuaire-histoire-communes\/wp-content\/uploads\/2022\/04\/sedzere64-768x350.jpg 768w, https:\/\/charles-de-flahaut.fr\/annuaire-histoire-communes\/wp-content\/uploads\/2022\/04\/sedzere64-703x321.jpg 703w, https:\/\/charles-de-flahaut.fr\/annuaire-histoire-communes\/wp-content\/uploads\/2022\/04\/sedzere64-160x73.jpg 160w, https:\/\/charles-de-flahaut.fr\/annuaire-histoire-communes\/wp-content\/uploads\/2022\/04\/sedzere64.jpg 1000w\" sizes=\"auto, (max-width: 300px) 100vw, 300px\" \/>Le recueil\u00a0<em>Lo Noste Bearn<\/em>, de Hubert Dutech rapporte que \u00ab\u00a0le village est mentionn\u00e9 d\u00e8s le XII\u00e8me si\u00e8cle sous le nom de Cezere, qui pourrait provenir de cezeria, d\u00e9signant un \u00ab\u00a0lieu plant\u00e9 de pois chiches\u00a0\u00bb. Ce village \u00e0 la grande superficie est situ\u00e9 sur une ligne de coteaux orient\u00e9s nord\/sud, dominant \u00e0 l&rsquo;ouest la vall\u00e9e du Gabas..<\/p>\n<p>(image et extrait du site officiel de la commune&#8230; lire la suite)<\/p>\n","protected":false},"excerpt":{"rendered":"<p>Le recueil\u00a0Lo Noste Bearn, de Hubert Dutech rapporte que \u00ab\u00a0le village est mentionn\u00e9 d\u00e8s le XII\u00e8me si\u00e8cle sous le nom de Cezere, qui pourrait provenir de cezeria, d\u00e9signant un \u00ab\u00a0lieu plant\u00e9 de pois chiches\u00a0\u00bb. Ce village \u00e0 la grande superficie &hellip; <a href=\"https:\/\/charles-de-flahaut.fr\/annuaire-histoire-communes\/annuaire-professionnel\/histoire-et-patrimoine-de-sedzere-pyrenees-atlantiques\/\">Continuer la lecture <span class=\"meta-nav\">&rarr;<\/span><\/a><\/p>\n","protected":false},"author":2,"featured_media":42754,"comment_status":"open","ping_status":"closed","template":"","meta":[],"wpbdp_category":[21],"wpbdp_tag":[],"class_list":["post-42753","wpbdp_listing","type-wpbdp_listing","status-publish","has-post-thumbnail","hentry","wpbdp_category-64-pyrenees-atlantiques"],"yoast_head":"<!-- This site is optimized with the Yoast SEO plugin v26.6 - https:\/\/yoast.com\/wordpress\/plugins\/seo\/ -->\n<title>Histoire et patrimoine de Sedz\u00e8re (Pyr\u00e9n\u00e9es-Atlantiques) - Annuaire Historique des Communes de France<\/title>\n<meta name=\"description\" content=\"Le recueil\u00a0Lo Noste Bearn, de Hubert Dutech rapporte que &quot;le village est mentionn\u00e9 d\u00e8s le XII\u00e8me si\u00e8cle sous le nom de Cezere\" \/>\n<meta name=\"robots\" content=\"index, follow, max-snippet:-1, max-image-preview:large, max-video-preview:-1\" \/>\n<link rel=\"canonical\" href=\"https:\/\/charles-de-flahaut.fr\/annuaire-histoire-communes\/annuaire-professionnel\/histoire-et-patrimoine-de-sedzere-pyrenees-atlantiques\/\" \/>\n<meta property=\"og:locale\" content=\"fr_FR\" \/>\n<meta property=\"og:type\" content=\"article\" \/>\n<meta property=\"og:title\" content=\"Histoire et patrimoine de Sedz\u00e8re (Pyr\u00e9n\u00e9es-Atlantiques) - Annuaire Historique des Communes de France\" \/>\n<meta property=\"og:description\" content=\"Le recueil\u00a0Lo Noste Bearn, de Hubert Dutech rapporte que &quot;le village est mentionn\u00e9 d\u00e8s le XII\u00e8me si\u00e8cle sous le nom de Cezere\" \/>\n<meta property=\"og:url\" content=\"https:\/\/charles-de-flahaut.fr\/annuaire-histoire-communes\/annuaire-professionnel\/histoire-et-patrimoine-de-sedzere-pyrenees-atlantiques\/\" \/>\n<meta property=\"og:site_name\" content=\"Annuaire Historique des Communes de France\" \/>\n<meta property=\"article:publisher\" content=\"https:\/\/www.facebook.com\/Sites.HistoiredeFrance\" \/>\n<meta property=\"og:image\" content=\"https:\/\/charles-de-flahaut.fr\/annuaire-histoire-communes\/wp-content\/uploads\/2022\/04\/sedzere64-300x137.jpg\" \/>\n<meta name=\"twitter:card\" content=\"summary_large_image\" \/>\n<script type=\"application\/ld+json\" class=\"yoast-schema-graph\">{\"@context\":\"https:\/\/schema.org\",\"@graph\":[{\"@type\":\"WebPage\",\"@id\":\"https:\/\/charles-de-flahaut.fr\/annuaire-histoire-communes\/annuaire-professionnel\/histoire-et-patrimoine-de-sedzere-pyrenees-atlantiques\/\",\"url\":\"https:\/\/charles-de-flahaut.fr\/annuaire-histoire-communes\/annuaire-professionnel\/histoire-et-patrimoine-de-sedzere-pyrenees-atlantiques\/\",\"name\":\"Histoire et patrimoine de Sedz\u00e8re (Pyr\u00e9n\u00e9es-Atlantiques) - Annuaire Historique des Communes de France\",\"isPartOf\":{\"@id\":\"https:\/\/charles-de-flahaut.fr\/annuaire-histoire-communes\/#website\"},\"primaryImageOfPage\":{\"@id\":\"https:\/\/charles-de-flahaut.fr\/annuaire-histoire-communes\/annuaire-professionnel\/histoire-et-patrimoine-de-sedzere-pyrenees-atlantiques\/#primaryimage\"},\"image\":{\"@id\":\"https:\/\/charles-de-flahaut.fr\/annuaire-histoire-communes\/annuaire-professionnel\/histoire-et-patrimoine-de-sedzere-pyrenees-atlantiques\/#primaryimage\"},\"thumbnailUrl\":\"https:\/\/charles-de-flahaut.fr\/annuaire-histoire-communes\/wp-content\/uploads\/2022\/04\/sedzere64.jpg\",\"datePublished\":\"2022-04-14T14:55:24+00:00\",\"description\":\"Le recueil\u00a0Lo Noste Bearn, de Hubert Dutech rapporte que \\\"le village est mentionn\u00e9 d\u00e8s le XII\u00e8me si\u00e8cle sous le nom de Cezere\",\"breadcrumb\":{\"@id\":\"https:\/\/charles-de-flahaut.fr\/annuaire-histoire-communes\/annuaire-professionnel\/histoire-et-patrimoine-de-sedzere-pyrenees-atlantiques\/#breadcrumb\"},\"inLanguage\":\"fr-FR\",\"potentialAction\":[{\"@type\":\"ReadAction\",\"target\":[\"https:\/\/charles-de-flahaut.fr\/annuaire-histoire-communes\/annuaire-professionnel\/histoire-et-patrimoine-de-sedzere-pyrenees-atlantiques\/\"]}]},{\"@type\":\"ImageObject\",\"inLanguage\":\"fr-FR\",\"@id\":\"https:\/\/charles-de-flahaut.fr\/annuaire-histoire-communes\/annuaire-professionnel\/histoire-et-patrimoine-de-sedzere-pyrenees-atlantiques\/#primaryimage\",\"url\":\"https:\/\/charles-de-flahaut.fr\/annuaire-histoire-communes\/wp-content\/uploads\/2022\/04\/sedzere64.jpg\",\"contentUrl\":\"https:\/\/charles-de-flahaut.fr\/annuaire-histoire-communes\/wp-content\/uploads\/2022\/04\/sedzere64.jpg\",\"width\":1000,\"height\":456},{\"@type\":\"BreadcrumbList\",\"@id\":\"https:\/\/charles-de-flahaut.fr\/annuaire-histoire-communes\/annuaire-professionnel\/histoire-et-patrimoine-de-sedzere-pyrenees-atlantiques\/#breadcrumb\",\"itemListElement\":[{\"@type\":\"ListItem\",\"position\":1,\"name\":\"Accueil\",\"item\":\"https:\/\/charles-de-flahaut.fr\/annuaire-histoire-communes\/\"},{\"@type\":\"ListItem\",\"position\":2,\"name\":\"Histoire et patrimoine de Sedz\u00e8re (Pyr\u00e9n\u00e9es-Atlantiques)\"}]},{\"@type\":\"WebSite\",\"@id\":\"https:\/\/charles-de-flahaut.fr\/annuaire-histoire-communes\/#website\",\"url\":\"https:\/\/charles-de-flahaut.fr\/annuaire-histoire-communes\/\",\"name\":\"Annuaire Historique des Communes de France\",\"description\":\"annuaire recensant les pages relatives \u00e0 l&#039;Histoire et au Patrimoine des villes et villages de France\",\"publisher\":{\"@id\":\"https:\/\/charles-de-flahaut.fr\/annuaire-histoire-communes\/#\/schema\/person\/d16946e994227e7154f6f213ea03ae7b\"},\"potentialAction\":[{\"@type\":\"SearchAction\",\"target\":{\"@type\":\"EntryPoint\",\"urlTemplate\":\"https:\/\/charles-de-flahaut.fr\/annuaire-histoire-communes\/?s={search_term_string}\"},\"query-input\":{\"@type\":\"PropertyValueSpecification\",\"valueRequired\":true,\"valueName\":\"search_term_string\"}}],\"inLanguage\":\"fr-FR\"},{\"@type\":[\"Person\",\"Organization\"],\"@id\":\"https:\/\/charles-de-flahaut.fr\/annuaire-histoire-communes\/#\/schema\/person\/d16946e994227e7154f6f213ea03ae7b\",\"name\":\"administrateur2\",\"image\":{\"@type\":\"ImageObject\",\"inLanguage\":\"fr-FR\",\"@id\":\"https:\/\/charles-de-flahaut.fr\/annuaire-histoire-communes\/#\/schema\/person\/image\/\",\"url\":\"https:\/\/secure.gravatar.com\/avatar\/d0fc7d68e15c7c456cf6f1b9b774d54a7a9e6452d8deac23b3f1ef133710d3d3?s=96&d=mm&r=g\",\"contentUrl\":\"https:\/\/secure.gravatar.com\/avatar\/d0fc7d68e15c7c456cf6f1b9b774d54a7a9e6452d8deac23b3f1ef133710d3d3?s=96&d=mm&r=g\",\"caption\":\"administrateur2\"},\"logo\":{\"@id\":\"https:\/\/charles-de-flahaut.fr\/annuaire-histoire-communes\/#\/schema\/person\/image\/\"},\"sameAs\":[\"https:\/\/www.facebook.com\/Sites.HistoiredeFrance\"]}]}<\/script>\n<!-- \/ Yoast SEO plugin. -->","yoast_head_json":{"title":"Histoire et patrimoine de Sedz\u00e8re (Pyr\u00e9n\u00e9es-Atlantiques) - Annuaire Historique des Communes de France","description":"Le recueil\u00a0Lo Noste Bearn, de Hubert Dutech rapporte que \"le village est mentionn\u00e9 d\u00e8s le XII\u00e8me si\u00e8cle sous le nom de Cezere","robots":{"index":"index","follow":"follow","max-snippet":"max-snippet:-1","max-image-preview":"max-image-preview:large","max-video-preview":"max-video-preview:-1"},"canonical":"https:\/\/charles-de-flahaut.fr\/annuaire-histoire-communes\/annuaire-professionnel\/histoire-et-patrimoine-de-sedzere-pyrenees-atlantiques\/","og_locale":"fr_FR","og_type":"article","og_title":"Histoire et patrimoine de Sedz\u00e8re (Pyr\u00e9n\u00e9es-Atlantiques) - Annuaire Historique des Communes de France","og_description":"Le recueil\u00a0Lo Noste Bearn, de Hubert Dutech rapporte que \"le village est mentionn\u00e9 d\u00e8s le XII\u00e8me si\u00e8cle sous le nom de Cezere","og_url":"https:\/\/charles-de-flahaut.fr\/annuaire-histoire-communes\/annuaire-professionnel\/histoire-et-patrimoine-de-sedzere-pyrenees-atlantiques\/","og_site_name":"Annuaire Historique des Communes de France","article_publisher":"https:\/\/www.facebook.com\/Sites.HistoiredeFrance","og_image":[{"url":"https:\/\/charles-de-flahaut.fr\/annuaire-histoire-communes\/wp-content\/uploads\/2022\/04\/sedzere64-300x137.jpg","type":"","width":"","height":""}],"twitter_card":"summary_large_image","schema":{"@context":"https:\/\/schema.org","@graph":[{"@type":"WebPage","@id":"https:\/\/charles-de-flahaut.fr\/annuaire-histoire-communes\/annuaire-professionnel\/histoire-et-patrimoine-de-sedzere-pyrenees-atlantiques\/","url":"https:\/\/charles-de-flahaut.fr\/annuaire-histoire-communes\/annuaire-professionnel\/histoire-et-patrimoine-de-sedzere-pyrenees-atlantiques\/","name":"Histoire et patrimoine de Sedz\u00e8re (Pyr\u00e9n\u00e9es-Atlantiques) - Annuaire Historique des Communes de France","isPartOf":{"@id":"https:\/\/charles-de-flahaut.fr\/annuaire-histoire-communes\/#website"},"primaryImageOfPage":{"@id":"https:\/\/charles-de-flahaut.fr\/annuaire-histoire-communes\/annuaire-professionnel\/histoire-et-patrimoine-de-sedzere-pyrenees-atlantiques\/#primaryimage"},"image":{"@id":"https:\/\/charles-de-flahaut.fr\/annuaire-histoire-communes\/annuaire-professionnel\/histoire-et-patrimoine-de-sedzere-pyrenees-atlantiques\/#primaryimage"},"thumbnailUrl":"https:\/\/charles-de-flahaut.fr\/annuaire-histoire-communes\/wp-content\/uploads\/2022\/04\/sedzere64.jpg","datePublished":"2022-04-14T14:55:24+00:00","description":"Le recueil\u00a0Lo Noste Bearn, de Hubert Dutech rapporte que \"le village est mentionn\u00e9 d\u00e8s le XII\u00e8me si\u00e8cle sous le nom de Cezere","breadcrumb":{"@id":"https:\/\/charles-de-flahaut.fr\/annuaire-histoire-communes\/annuaire-professionnel\/histoire-et-patrimoine-de-sedzere-pyrenees-atlantiques\/#breadcrumb"},"inLanguage":"fr-FR","potentialAction":[{"@type":"ReadAction","target":["https:\/\/charles-de-flahaut.fr\/annuaire-histoire-communes\/annuaire-professionnel\/histoire-et-patrimoine-de-sedzere-pyrenees-atlantiques\/"]}]},{"@type":"ImageObject","inLanguage":"fr-FR","@id":"https:\/\/charles-de-flahaut.fr\/annuaire-histoire-communes\/annuaire-professionnel\/histoire-et-patrimoine-de-sedzere-pyrenees-atlantiques\/#primaryimage","url":"https:\/\/charles-de-flahaut.fr\/annuaire-histoire-communes\/wp-content\/uploads\/2022\/04\/sedzere64.jpg","contentUrl":"https:\/\/charles-de-flahaut.fr\/annuaire-histoire-communes\/wp-content\/uploads\/2022\/04\/sedzere64.jpg","width":1000,"height":456},{"@type":"BreadcrumbList","@id":"https:\/\/charles-de-flahaut.fr\/annuaire-histoire-communes\/annuaire-professionnel\/histoire-et-patrimoine-de-sedzere-pyrenees-atlantiques\/#breadcrumb","itemListElement":[{"@type":"ListItem","position":1,"name":"Accueil","item":"https:\/\/charles-de-flahaut.fr\/annuaire-histoire-communes\/"},{"@type":"ListItem","position":2,"name":"Histoire et patrimoine de Sedz\u00e8re (Pyr\u00e9n\u00e9es-Atlantiques)"}]},{"@type":"WebSite","@id":"https:\/\/charles-de-flahaut.fr\/annuaire-histoire-communes\/#website","url":"https:\/\/charles-de-flahaut.fr\/annuaire-histoire-communes\/","name":"Annuaire Historique des Communes de France","description":"annuaire recensant les pages relatives \u00e0 l&#039;Histoire et au Patrimoine des villes et villages de France","publisher":{"@id":"https:\/\/charles-de-flahaut.fr\/annuaire-histoire-communes\/#\/schema\/person\/d16946e994227e7154f6f213ea03ae7b"},"potentialAction":[{"@type":"SearchAction","target":{"@type":"EntryPoint","urlTemplate":"https:\/\/charles-de-flahaut.fr\/annuaire-histoire-communes\/?s={search_term_string}"},"query-input":{"@type":"PropertyValueSpecification","valueRequired":true,"valueName":"search_term_string"}}],"inLanguage":"fr-FR"},{"@type":["Person","Organization"],"@id":"https:\/\/charles-de-flahaut.fr\/annuaire-histoire-communes\/#\/schema\/person\/d16946e994227e7154f6f213ea03ae7b","name":"administrateur2","image":{"@type":"ImageObject","inLanguage":"fr-FR","@id":"https:\/\/charles-de-flahaut.fr\/annuaire-histoire-communes\/#\/schema\/person\/image\/","url":"https:\/\/secure.gravatar.com\/avatar\/d0fc7d68e15c7c456cf6f1b9b774d54a7a9e6452d8deac23b3f1ef133710d3d3?s=96&d=mm&r=g","contentUrl":"https:\/\/secure.gravatar.com\/avatar\/d0fc7d68e15c7c456cf6f1b9b774d54a7a9e6452d8deac23b3f1ef133710d3d3?s=96&d=mm&r=g","caption":"administrateur2"},"logo":{"@id":"https:\/\/charles-de-flahaut.fr\/annuaire-histoire-communes\/#\/schema\/person\/image\/"},"sameAs":["https:\/\/www.facebook.com\/Sites.HistoiredeFrance"]}]}},"amp_enabled":true,"_links":{"self":[{"href":"https:\/\/charles-de-flahaut.fr\/annuaire-histoire-communes\/wp-json\/wp\/v2\/wpbdp_listing\/42753","targetHints":{"allow":["GET"]}}],"collection":[{"href":"https:\/\/charles-de-flahaut.fr\/annuaire-histoire-communes\/wp-json\/wp\/v2\/wpbdp_listing"}],"about":[{"href":"https:\/\/charles-de-flahaut.fr\/annuaire-histoire-communes\/wp-json\/wp\/v2\/types\/wpbdp_listing"}],"author":[{"embeddable":true,"href":"https:\/\/charles-de-flahaut.fr\/annuaire-histoire-communes\/wp-json\/wp\/v2\/users\/2"}],"replies":[{"embeddable":true,"href":"https:\/\/charles-de-flahaut.fr\/annuaire-histoire-communes\/wp-json\/wp\/v2\/comments?post=42753"}],"wp:featuredmedia":[{"embeddable":true,"href":"https:\/\/charles-de-flahaut.fr\/annuaire-histoire-communes\/wp-json\/wp\/v2\/media\/42754"}],"wp:attachment":[{"href":"https:\/\/charles-de-flahaut.fr\/annuaire-histoire-communes\/wp-json\/wp\/v2\/media?parent=42753"}],"wp:term":[{"taxonomy":"wpbdp_category","embeddable":true,"href":"https:\/\/charles-de-flahaut.fr\/annuaire-histoire-communes\/wp-json\/wp\/v2\/wpbdp_category?post=42753"},{"taxonomy":"wpbdp_tag","embeddable":true,"href":"https:\/\/charles-de-flahaut.fr\/annuaire-histoire-communes\/wp-json\/wp\/v2\/wpbdp_tag?post=42753"}],"curies":[{"name":"wp","href":"https:\/\/api.w.org\/{rel}","templated":true}]}}