{"id":44646,"date":"2022-10-01T15:26:22","date_gmt":"2022-10-01T13:26:22","guid":{"rendered":"https:\/\/charles-de-flahaut.fr\/annuaire-histoire-communes\/?post_type=wpbdp_listing&#038;p=44646"},"modified":"2022-10-01T15:26:22","modified_gmt":"2022-10-01T13:26:22","slug":"histoire-et-patrimoine-de-luzillat-puy-de-dome","status":"publish","type":"wpbdp_listing","link":"https:\/\/charles-de-flahaut.fr\/annuaire-histoire-communes\/annuaire-professionnel\/histoire-et-patrimoine-de-luzillat-puy-de-dome\/","title":{"rendered":"Histoire et patrimoine de Luzillat (Puy-de-D\u00f4me)"},"content":{"rendered":"<p>Histoire et patrimoine de Luzillat (Puy-de-D\u00f4me)<\/p>\n<p><img loading=\"lazy\" decoding=\"async\" class=\"alignleft size-medium wp-image-44647\" src=\"https:\/\/charles-de-flahaut.fr\/annuaire-histoire-communes\/wp-content\/uploads\/2022\/10\/luzillat63-300x206.jpg\" alt=\"\" width=\"300\" height=\"206\" srcset=\"https:\/\/charles-de-flahaut.fr\/annuaire-histoire-communes\/wp-content\/uploads\/2022\/10\/luzillat63-300x206.jpg 300w, https:\/\/charles-de-flahaut.fr\/annuaire-histoire-communes\/wp-content\/uploads\/2022\/10\/luzillat63-160x110.jpg 160w, https:\/\/charles-de-flahaut.fr\/annuaire-histoire-communes\/wp-content\/uploads\/2022\/10\/luzillat63.jpg 368w\" sizes=\"auto, (max-width: 300px) 100vw, 300px\" \/>Au printemps de l\u2019an 52 avant J.C, les arm\u00e9es romaines et gauloises remontent l\u2019Allier en direction de Gergovie. C\u00e9sar pr\u00e9voyant le si\u00e8ge de la capitale arverne fait dresser deux camps dits \u00ab romani\u00e8res \u00bb qui deviendront beaucoup plus tard l\u2019Armoni\u00e8re de Luzillat et de Limons . Des aristocrates gaulois, venus dans le cort\u00e8ge des vainqueurs d\u2019Al\u00e9sia colonisent alors les terres des rives de l\u2019Allier, fertiles certes, mais ruin\u00e9es par le passage des arm\u00e9es. Ainsi appara\u00eetront les villages de Vialle, Villard, Villeret et Luzillat&#8230;<\/p>\n<p>(image et extrait du site officiel de la commune&#8230; lire la suite)<\/p>\n","protected":false},"excerpt":{"rendered":"<p>Histoire et patrimoine de Luzillat (Puy-de-D\u00f4me) Au printemps de l\u2019an 52 avant J.C, les arm\u00e9es romaines et gauloises remontent l\u2019Allier en direction de Gergovie. C\u00e9sar pr\u00e9voyant le si\u00e8ge de la capitale arverne fait dresser deux camps dits \u00ab romani\u00e8res \u00bb &hellip; <a href=\"https:\/\/charles-de-flahaut.fr\/annuaire-histoire-communes\/annuaire-professionnel\/histoire-et-patrimoine-de-luzillat-puy-de-dome\/\">Continuer la lecture <span class=\"meta-nav\">&rarr;<\/span><\/a><\/p>\n","protected":false},"author":2,"featured_media":44647,"comment_status":"open","ping_status":"closed","template":"","meta":[],"wpbdp_category":[20],"wpbdp_tag":[],"class_list":["post-44646","wpbdp_listing","type-wpbdp_listing","status-publish","has-post-thumbnail","hentry","wpbdp_category-63-puy-de-dome"],"yoast_head":"<!-- This site is optimized with the Yoast SEO plugin v26.6 - https:\/\/yoast.com\/wordpress\/plugins\/seo\/ -->\n<title>Histoire et patrimoine de Luzillat (Puy-de-D\u00f4me) - Annuaire Historique des Communes de France<\/title>\n<meta name=\"description\" content=\"le si\u00e8ge de la capitale arverne fait dresser deux camps dits \u00ab romani\u00e8res \u00bb qui deviendront beaucoup plus tard l\u2019Armoni\u00e8re de Luzillat et de Limons .\" \/>\n<meta name=\"robots\" content=\"index, follow, max-snippet:-1, max-image-preview:large, max-video-preview:-1\" \/>\n<link rel=\"canonical\" href=\"https:\/\/charles-de-flahaut.fr\/annuaire-histoire-communes\/annuaire-professionnel\/histoire-et-patrimoine-de-luzillat-puy-de-dome\/\" \/>\n<meta property=\"og:locale\" content=\"fr_FR\" \/>\n<meta property=\"og:type\" content=\"article\" \/>\n<meta property=\"og:title\" content=\"Histoire et patrimoine de Luzillat (Puy-de-D\u00f4me) - Annuaire Historique des Communes de France\" \/>\n<meta property=\"og:description\" content=\"le si\u00e8ge de la capitale arverne fait dresser deux camps dits \u00ab romani\u00e8res \u00bb qui deviendront beaucoup plus tard l\u2019Armoni\u00e8re de Luzillat et de Limons .\" \/>\n<meta property=\"og:url\" content=\"https:\/\/charles-de-flahaut.fr\/annuaire-histoire-communes\/annuaire-professionnel\/histoire-et-patrimoine-de-luzillat-puy-de-dome\/\" \/>\n<meta property=\"og:site_name\" content=\"Annuaire Historique des Communes de France\" \/>\n<meta property=\"article:publisher\" content=\"https:\/\/www.facebook.com\/Sites.HistoiredeFrance\" \/>\n<meta property=\"og:image\" content=\"https:\/\/charles-de-flahaut.fr\/annuaire-histoire-communes\/wp-content\/uploads\/2022\/10\/luzillat63.jpg\" \/>\n\t<meta property=\"og:image:width\" content=\"368\" \/>\n\t<meta property=\"og:image:height\" content=\"253\" \/>\n\t<meta property=\"og:image:type\" content=\"image\/jpeg\" \/>\n<meta name=\"twitter:card\" content=\"summary_large_image\" \/>\n<meta name=\"twitter:label1\" content=\"Dur\u00e9e de lecture estim\u00e9e\" \/>\n\t<meta name=\"twitter:data1\" content=\"1 minute\" \/>\n<script type=\"application\/ld+json\" class=\"yoast-schema-graph\">{\"@context\":\"https:\/\/schema.org\",\"@graph\":[{\"@type\":\"WebPage\",\"@id\":\"https:\/\/charles-de-flahaut.fr\/annuaire-histoire-communes\/annuaire-professionnel\/histoire-et-patrimoine-de-luzillat-puy-de-dome\/\",\"url\":\"https:\/\/charles-de-flahaut.fr\/annuaire-histoire-communes\/annuaire-professionnel\/histoire-et-patrimoine-de-luzillat-puy-de-dome\/\",\"name\":\"Histoire et patrimoine de Luzillat (Puy-de-D\u00f4me) - Annuaire Historique des Communes de France\",\"isPartOf\":{\"@id\":\"https:\/\/charles-de-flahaut.fr\/annuaire-histoire-communes\/#website\"},\"primaryImageOfPage\":{\"@id\":\"https:\/\/charles-de-flahaut.fr\/annuaire-histoire-communes\/annuaire-professionnel\/histoire-et-patrimoine-de-luzillat-puy-de-dome\/#primaryimage\"},\"image\":{\"@id\":\"https:\/\/charles-de-flahaut.fr\/annuaire-histoire-communes\/annuaire-professionnel\/histoire-et-patrimoine-de-luzillat-puy-de-dome\/#primaryimage\"},\"thumbnailUrl\":\"https:\/\/charles-de-flahaut.fr\/annuaire-histoire-communes\/wp-content\/uploads\/2022\/10\/luzillat63.jpg\",\"datePublished\":\"2022-10-01T13:26:22+00:00\",\"description\":\"le si\u00e8ge de la capitale arverne fait dresser deux camps dits \u00ab romani\u00e8res \u00bb qui deviendront beaucoup plus tard l\u2019Armoni\u00e8re de Luzillat et de Limons .\",\"breadcrumb\":{\"@id\":\"https:\/\/charles-de-flahaut.fr\/annuaire-histoire-communes\/annuaire-professionnel\/histoire-et-patrimoine-de-luzillat-puy-de-dome\/#breadcrumb\"},\"inLanguage\":\"fr-FR\",\"potentialAction\":[{\"@type\":\"ReadAction\",\"target\":[\"https:\/\/charles-de-flahaut.fr\/annuaire-histoire-communes\/annuaire-professionnel\/histoire-et-patrimoine-de-luzillat-puy-de-dome\/\"]}]},{\"@type\":\"ImageObject\",\"inLanguage\":\"fr-FR\",\"@id\":\"https:\/\/charles-de-flahaut.fr\/annuaire-histoire-communes\/annuaire-professionnel\/histoire-et-patrimoine-de-luzillat-puy-de-dome\/#primaryimage\",\"url\":\"https:\/\/charles-de-flahaut.fr\/annuaire-histoire-communes\/wp-content\/uploads\/2022\/10\/luzillat63.jpg\",\"contentUrl\":\"https:\/\/charles-de-flahaut.fr\/annuaire-histoire-communes\/wp-content\/uploads\/2022\/10\/luzillat63.jpg\",\"width\":368,\"height\":253},{\"@type\":\"BreadcrumbList\",\"@id\":\"https:\/\/charles-de-flahaut.fr\/annuaire-histoire-communes\/annuaire-professionnel\/histoire-et-patrimoine-de-luzillat-puy-de-dome\/#breadcrumb\",\"itemListElement\":[{\"@type\":\"ListItem\",\"position\":1,\"name\":\"Accueil\",\"item\":\"https:\/\/charles-de-flahaut.fr\/annuaire-histoire-communes\/\"},{\"@type\":\"ListItem\",\"position\":2,\"name\":\"Histoire et patrimoine de Luzillat (Puy-de-D\u00f4me)\"}]},{\"@type\":\"WebSite\",\"@id\":\"https:\/\/charles-de-flahaut.fr\/annuaire-histoire-communes\/#website\",\"url\":\"https:\/\/charles-de-flahaut.fr\/annuaire-histoire-communes\/\",\"name\":\"Annuaire Historique des Communes de France\",\"description\":\"annuaire recensant les pages relatives \u00e0 l&#039;Histoire et au Patrimoine des villes et villages de France\",\"publisher\":{\"@id\":\"https:\/\/charles-de-flahaut.fr\/annuaire-histoire-communes\/#\/schema\/person\/d16946e994227e7154f6f213ea03ae7b\"},\"potentialAction\":[{\"@type\":\"SearchAction\",\"target\":{\"@type\":\"EntryPoint\",\"urlTemplate\":\"https:\/\/charles-de-flahaut.fr\/annuaire-histoire-communes\/?s={search_term_string}\"},\"query-input\":{\"@type\":\"PropertyValueSpecification\",\"valueRequired\":true,\"valueName\":\"search_term_string\"}}],\"inLanguage\":\"fr-FR\"},{\"@type\":[\"Person\",\"Organization\"],\"@id\":\"https:\/\/charles-de-flahaut.fr\/annuaire-histoire-communes\/#\/schema\/person\/d16946e994227e7154f6f213ea03ae7b\",\"name\":\"administrateur2\",\"image\":{\"@type\":\"ImageObject\",\"inLanguage\":\"fr-FR\",\"@id\":\"https:\/\/charles-de-flahaut.fr\/annuaire-histoire-communes\/#\/schema\/person\/image\/\",\"url\":\"https:\/\/secure.gravatar.com\/avatar\/d0fc7d68e15c7c456cf6f1b9b774d54a7a9e6452d8deac23b3f1ef133710d3d3?s=96&d=mm&r=g\",\"contentUrl\":\"https:\/\/secure.gravatar.com\/avatar\/d0fc7d68e15c7c456cf6f1b9b774d54a7a9e6452d8deac23b3f1ef133710d3d3?s=96&d=mm&r=g\",\"caption\":\"administrateur2\"},\"logo\":{\"@id\":\"https:\/\/charles-de-flahaut.fr\/annuaire-histoire-communes\/#\/schema\/person\/image\/\"},\"sameAs\":[\"https:\/\/www.facebook.com\/Sites.HistoiredeFrance\"]}]}<\/script>\n<!-- \/ Yoast SEO plugin. -->","yoast_head_json":{"title":"Histoire et patrimoine de Luzillat (Puy-de-D\u00f4me) - Annuaire Historique des Communes de France","description":"le si\u00e8ge de la capitale arverne fait dresser deux camps dits \u00ab romani\u00e8res \u00bb qui deviendront beaucoup plus tard l\u2019Armoni\u00e8re de Luzillat et de Limons .","robots":{"index":"index","follow":"follow","max-snippet":"max-snippet:-1","max-image-preview":"max-image-preview:large","max-video-preview":"max-video-preview:-1"},"canonical":"https:\/\/charles-de-flahaut.fr\/annuaire-histoire-communes\/annuaire-professionnel\/histoire-et-patrimoine-de-luzillat-puy-de-dome\/","og_locale":"fr_FR","og_type":"article","og_title":"Histoire et patrimoine de Luzillat (Puy-de-D\u00f4me) - Annuaire Historique des Communes de France","og_description":"le si\u00e8ge de la capitale arverne fait dresser deux camps dits \u00ab romani\u00e8res \u00bb qui deviendront beaucoup plus tard l\u2019Armoni\u00e8re de Luzillat et de Limons .","og_url":"https:\/\/charles-de-flahaut.fr\/annuaire-histoire-communes\/annuaire-professionnel\/histoire-et-patrimoine-de-luzillat-puy-de-dome\/","og_site_name":"Annuaire Historique des Communes de France","article_publisher":"https:\/\/www.facebook.com\/Sites.HistoiredeFrance","og_image":[{"width":368,"height":253,"url":"https:\/\/charles-de-flahaut.fr\/annuaire-histoire-communes\/wp-content\/uploads\/2022\/10\/luzillat63.jpg","type":"image\/jpeg"}],"twitter_card":"summary_large_image","twitter_misc":{"Dur\u00e9e de lecture estim\u00e9e":"1 minute"},"schema":{"@context":"https:\/\/schema.org","@graph":[{"@type":"WebPage","@id":"https:\/\/charles-de-flahaut.fr\/annuaire-histoire-communes\/annuaire-professionnel\/histoire-et-patrimoine-de-luzillat-puy-de-dome\/","url":"https:\/\/charles-de-flahaut.fr\/annuaire-histoire-communes\/annuaire-professionnel\/histoire-et-patrimoine-de-luzillat-puy-de-dome\/","name":"Histoire et patrimoine de Luzillat (Puy-de-D\u00f4me) - Annuaire Historique des Communes de France","isPartOf":{"@id":"https:\/\/charles-de-flahaut.fr\/annuaire-histoire-communes\/#website"},"primaryImageOfPage":{"@id":"https:\/\/charles-de-flahaut.fr\/annuaire-histoire-communes\/annuaire-professionnel\/histoire-et-patrimoine-de-luzillat-puy-de-dome\/#primaryimage"},"image":{"@id":"https:\/\/charles-de-flahaut.fr\/annuaire-histoire-communes\/annuaire-professionnel\/histoire-et-patrimoine-de-luzillat-puy-de-dome\/#primaryimage"},"thumbnailUrl":"https:\/\/charles-de-flahaut.fr\/annuaire-histoire-communes\/wp-content\/uploads\/2022\/10\/luzillat63.jpg","datePublished":"2022-10-01T13:26:22+00:00","description":"le si\u00e8ge de la capitale arverne fait dresser deux camps dits \u00ab romani\u00e8res \u00bb qui deviendront beaucoup plus tard l\u2019Armoni\u00e8re de Luzillat et de Limons .","breadcrumb":{"@id":"https:\/\/charles-de-flahaut.fr\/annuaire-histoire-communes\/annuaire-professionnel\/histoire-et-patrimoine-de-luzillat-puy-de-dome\/#breadcrumb"},"inLanguage":"fr-FR","potentialAction":[{"@type":"ReadAction","target":["https:\/\/charles-de-flahaut.fr\/annuaire-histoire-communes\/annuaire-professionnel\/histoire-et-patrimoine-de-luzillat-puy-de-dome\/"]}]},{"@type":"ImageObject","inLanguage":"fr-FR","@id":"https:\/\/charles-de-flahaut.fr\/annuaire-histoire-communes\/annuaire-professionnel\/histoire-et-patrimoine-de-luzillat-puy-de-dome\/#primaryimage","url":"https:\/\/charles-de-flahaut.fr\/annuaire-histoire-communes\/wp-content\/uploads\/2022\/10\/luzillat63.jpg","contentUrl":"https:\/\/charles-de-flahaut.fr\/annuaire-histoire-communes\/wp-content\/uploads\/2022\/10\/luzillat63.jpg","width":368,"height":253},{"@type":"BreadcrumbList","@id":"https:\/\/charles-de-flahaut.fr\/annuaire-histoire-communes\/annuaire-professionnel\/histoire-et-patrimoine-de-luzillat-puy-de-dome\/#breadcrumb","itemListElement":[{"@type":"ListItem","position":1,"name":"Accueil","item":"https:\/\/charles-de-flahaut.fr\/annuaire-histoire-communes\/"},{"@type":"ListItem","position":2,"name":"Histoire et patrimoine de Luzillat (Puy-de-D\u00f4me)"}]},{"@type":"WebSite","@id":"https:\/\/charles-de-flahaut.fr\/annuaire-histoire-communes\/#website","url":"https:\/\/charles-de-flahaut.fr\/annuaire-histoire-communes\/","name":"Annuaire Historique des Communes de France","description":"annuaire recensant les pages relatives \u00e0 l&#039;Histoire et au Patrimoine des villes et villages de France","publisher":{"@id":"https:\/\/charles-de-flahaut.fr\/annuaire-histoire-communes\/#\/schema\/person\/d16946e994227e7154f6f213ea03ae7b"},"potentialAction":[{"@type":"SearchAction","target":{"@type":"EntryPoint","urlTemplate":"https:\/\/charles-de-flahaut.fr\/annuaire-histoire-communes\/?s={search_term_string}"},"query-input":{"@type":"PropertyValueSpecification","valueRequired":true,"valueName":"search_term_string"}}],"inLanguage":"fr-FR"},{"@type":["Person","Organization"],"@id":"https:\/\/charles-de-flahaut.fr\/annuaire-histoire-communes\/#\/schema\/person\/d16946e994227e7154f6f213ea03ae7b","name":"administrateur2","image":{"@type":"ImageObject","inLanguage":"fr-FR","@id":"https:\/\/charles-de-flahaut.fr\/annuaire-histoire-communes\/#\/schema\/person\/image\/","url":"https:\/\/secure.gravatar.com\/avatar\/d0fc7d68e15c7c456cf6f1b9b774d54a7a9e6452d8deac23b3f1ef133710d3d3?s=96&d=mm&r=g","contentUrl":"https:\/\/secure.gravatar.com\/avatar\/d0fc7d68e15c7c456cf6f1b9b774d54a7a9e6452d8deac23b3f1ef133710d3d3?s=96&d=mm&r=g","caption":"administrateur2"},"logo":{"@id":"https:\/\/charles-de-flahaut.fr\/annuaire-histoire-communes\/#\/schema\/person\/image\/"},"sameAs":["https:\/\/www.facebook.com\/Sites.HistoiredeFrance"]}]}},"amp_enabled":true,"_links":{"self":[{"href":"https:\/\/charles-de-flahaut.fr\/annuaire-histoire-communes\/wp-json\/wp\/v2\/wpbdp_listing\/44646","targetHints":{"allow":["GET"]}}],"collection":[{"href":"https:\/\/charles-de-flahaut.fr\/annuaire-histoire-communes\/wp-json\/wp\/v2\/wpbdp_listing"}],"about":[{"href":"https:\/\/charles-de-flahaut.fr\/annuaire-histoire-communes\/wp-json\/wp\/v2\/types\/wpbdp_listing"}],"author":[{"embeddable":true,"href":"https:\/\/charles-de-flahaut.fr\/annuaire-histoire-communes\/wp-json\/wp\/v2\/users\/2"}],"replies":[{"embeddable":true,"href":"https:\/\/charles-de-flahaut.fr\/annuaire-histoire-communes\/wp-json\/wp\/v2\/comments?post=44646"}],"wp:featuredmedia":[{"embeddable":true,"href":"https:\/\/charles-de-flahaut.fr\/annuaire-histoire-communes\/wp-json\/wp\/v2\/media\/44647"}],"wp:attachment":[{"href":"https:\/\/charles-de-flahaut.fr\/annuaire-histoire-communes\/wp-json\/wp\/v2\/media?parent=44646"}],"wp:term":[{"taxonomy":"wpbdp_category","embeddable":true,"href":"https:\/\/charles-de-flahaut.fr\/annuaire-histoire-communes\/wp-json\/wp\/v2\/wpbdp_category?post=44646"},{"taxonomy":"wpbdp_tag","embeddable":true,"href":"https:\/\/charles-de-flahaut.fr\/annuaire-histoire-communes\/wp-json\/wp\/v2\/wpbdp_tag?post=44646"}],"curies":[{"name":"wp","href":"https:\/\/api.w.org\/{rel}","templated":true}]}}