{"id":45024,"date":"2022-10-15T13:13:46","date_gmt":"2022-10-15T11:13:46","guid":{"rendered":"https:\/\/charles-de-flahaut.fr\/annuaire-histoire-communes\/?post_type=wpbdp_listing&#038;p=45024"},"modified":"2022-10-15T13:13:46","modified_gmt":"2022-10-15T11:13:46","slug":"histoire-et-patrimoine-de-saint-victor-montvianeix-puy-de-dome","status":"publish","type":"wpbdp_listing","link":"https:\/\/charles-de-flahaut.fr\/annuaire-histoire-communes\/annuaire-professionnel\/histoire-et-patrimoine-de-saint-victor-montvianeix-puy-de-dome\/","title":{"rendered":"Histoire et patrimoine de Saint-Victor Montvianeix (Puy-de-D\u00f4me)"},"content":{"rendered":"<p>Histoire et patrimoine de Saint-Victor Montvianeix (Puy-de-D\u00f4me)<\/p>\n<p><img loading=\"lazy\" decoding=\"async\" class=\"alignleft size-medium wp-image-45025\" src=\"https:\/\/charles-de-flahaut.fr\/annuaire-histoire-communes\/wp-content\/uploads\/2022\/10\/saintvictormontvianeix63-225x300.jpg\" alt=\"\" width=\"225\" height=\"300\" srcset=\"https:\/\/charles-de-flahaut.fr\/annuaire-histoire-communes\/wp-content\/uploads\/2022\/10\/saintvictormontvianeix63-225x300.jpg 225w, https:\/\/charles-de-flahaut.fr\/annuaire-histoire-communes\/wp-content\/uploads\/2022\/10\/saintvictormontvianeix63-768x1024.jpg 768w, https:\/\/charles-de-flahaut.fr\/annuaire-histoire-communes\/wp-content\/uploads\/2022\/10\/saintvictormontvianeix63-1152x1536.jpg 1152w, https:\/\/charles-de-flahaut.fr\/annuaire-histoire-communes\/wp-content\/uploads\/2022\/10\/saintvictormontvianeix63-1536x2048.jpg 1536w, https:\/\/charles-de-flahaut.fr\/annuaire-histoire-communes\/wp-content\/uploads\/2022\/10\/saintvictormontvianeix63-703x937.jpg 703w, https:\/\/charles-de-flahaut.fr\/annuaire-histoire-communes\/wp-content\/uploads\/2022\/10\/saintvictormontvianeix63-160x213.jpg 160w, https:\/\/charles-de-flahaut.fr\/annuaire-histoire-communes\/wp-content\/uploads\/2022\/10\/saintvictormontvianeix63-525x700.jpg 525w, https:\/\/charles-de-flahaut.fr\/annuaire-histoire-communes\/wp-content\/uploads\/2022\/10\/saintvictormontvianeix63-scaled.jpg 1920w\" sizes=\"auto, (max-width: 225px) 100vw, 225px\" \/>En 1791 furent r\u00e9unies les deux anciennes paroisses,\u00a0<strong>Saint-Victor La Loubi\u00e8re<\/strong>, appel\u00e9e aussi Saint-Victor sur Thiers &#8211; d\u00e9pendante de l\u2019\u00c9v\u00each\u00e9 de Lyon, et\u00a0<strong>Notre-Dame de<\/strong>\u00a0<strong>Montvianeix,\u00a0<\/strong>d\u00e9pendante de l\u2019\u00c9v\u00each\u00e9 de Clermont, pour former une commune d\u00e9nomm\u00e9e Credogne (du nom de la rivi\u00e8re qui la traverse) durant toute la p\u00e9riode r\u00e9volutionnaire, et qui devint au d\u00e9but du XX<sup>\u00e8me<\/sup>\u00a0si\u00e8cle\u00a0:\u00a0<strong>Saint-Victor-Montvianeix<\/strong>&#8230;.<\/p>\n<p>(image et extrait du site officiel de la commune&#8230; lire la suite)<\/p>\n","protected":false},"excerpt":{"rendered":"<p>Histoire et patrimoine de Saint-Victor Montvianeix (Puy-de-D\u00f4me) En 1791 furent r\u00e9unies les deux anciennes paroisses,\u00a0Saint-Victor La Loubi\u00e8re, appel\u00e9e aussi Saint-Victor sur Thiers &#8211; d\u00e9pendante de l\u2019\u00c9v\u00each\u00e9 de Lyon, et\u00a0Notre-Dame de\u00a0Montvianeix,\u00a0d\u00e9pendante de l\u2019\u00c9v\u00each\u00e9 de Clermont, pour former une commune d\u00e9nomm\u00e9e Credogne &hellip; <a href=\"https:\/\/charles-de-flahaut.fr\/annuaire-histoire-communes\/annuaire-professionnel\/histoire-et-patrimoine-de-saint-victor-montvianeix-puy-de-dome\/\">Continuer la lecture <span class=\"meta-nav\">&rarr;<\/span><\/a><\/p>\n","protected":false},"author":2,"featured_media":45025,"comment_status":"open","ping_status":"closed","template":"","meta":[],"wpbdp_category":[20],"wpbdp_tag":[],"class_list":["post-45024","wpbdp_listing","type-wpbdp_listing","status-publish","has-post-thumbnail","hentry","wpbdp_category-63-puy-de-dome"],"yoast_head":"<!-- This site is optimized with the Yoast SEO plugin v26.6 - https:\/\/yoast.com\/wordpress\/plugins\/seo\/ -->\n<title>Histoire et patrimoine de Saint-Victor Montvianeix (Puy-de-D\u00f4me) - Annuaire Historique des Communes de France<\/title>\n<meta name=\"description\" content=\"En 1791 furent r\u00e9unies les deux anciennes paroisses,\u00a0Saint-Victor La Loubi\u00e8re, appel\u00e9e aussi Saint-Victor sur Thiers - d\u00e9pendante de l\u2019\u00c9v\u00each\u00e9 de Lyon, et\u00a0Notre-Dame de\u00a0Montvianeix\" \/>\n<meta name=\"robots\" content=\"index, follow, max-snippet:-1, max-image-preview:large, max-video-preview:-1\" \/>\n<link rel=\"canonical\" href=\"https:\/\/charles-de-flahaut.fr\/annuaire-histoire-communes\/annuaire-professionnel\/histoire-et-patrimoine-de-saint-victor-montvianeix-puy-de-dome\/\" \/>\n<meta property=\"og:locale\" content=\"fr_FR\" \/>\n<meta property=\"og:type\" content=\"article\" \/>\n<meta property=\"og:title\" content=\"Histoire et patrimoine de Saint-Victor Montvianeix (Puy-de-D\u00f4me) - Annuaire Historique des Communes de France\" \/>\n<meta property=\"og:description\" content=\"En 1791 furent r\u00e9unies les deux anciennes paroisses,\u00a0Saint-Victor La Loubi\u00e8re, appel\u00e9e aussi Saint-Victor sur Thiers - d\u00e9pendante de l\u2019\u00c9v\u00each\u00e9 de Lyon, et\u00a0Notre-Dame de\u00a0Montvianeix\" \/>\n<meta property=\"og:url\" content=\"https:\/\/charles-de-flahaut.fr\/annuaire-histoire-communes\/annuaire-professionnel\/histoire-et-patrimoine-de-saint-victor-montvianeix-puy-de-dome\/\" \/>\n<meta property=\"og:site_name\" content=\"Annuaire Historique des Communes de France\" \/>\n<meta property=\"article:publisher\" content=\"https:\/\/www.facebook.com\/Sites.HistoiredeFrance\" \/>\n<meta property=\"og:image\" content=\"https:\/\/charles-de-flahaut.fr\/annuaire-histoire-communes\/wp-content\/uploads\/2022\/10\/saintvictormontvianeix63-scaled.jpg\" \/>\n\t<meta property=\"og:image:width\" content=\"1920\" \/>\n\t<meta property=\"og:image:height\" content=\"2560\" \/>\n\t<meta property=\"og:image:type\" content=\"image\/jpeg\" \/>\n<meta name=\"twitter:card\" content=\"summary_large_image\" \/>\n<meta name=\"twitter:label1\" content=\"Dur\u00e9e de lecture estim\u00e9e\" \/>\n\t<meta name=\"twitter:data1\" content=\"1 minute\" \/>\n<script type=\"application\/ld+json\" class=\"yoast-schema-graph\">{\"@context\":\"https:\/\/schema.org\",\"@graph\":[{\"@type\":\"WebPage\",\"@id\":\"https:\/\/charles-de-flahaut.fr\/annuaire-histoire-communes\/annuaire-professionnel\/histoire-et-patrimoine-de-saint-victor-montvianeix-puy-de-dome\/\",\"url\":\"https:\/\/charles-de-flahaut.fr\/annuaire-histoire-communes\/annuaire-professionnel\/histoire-et-patrimoine-de-saint-victor-montvianeix-puy-de-dome\/\",\"name\":\"Histoire et patrimoine de Saint-Victor Montvianeix (Puy-de-D\u00f4me) - Annuaire Historique des Communes de France\",\"isPartOf\":{\"@id\":\"https:\/\/charles-de-flahaut.fr\/annuaire-histoire-communes\/#website\"},\"primaryImageOfPage\":{\"@id\":\"https:\/\/charles-de-flahaut.fr\/annuaire-histoire-communes\/annuaire-professionnel\/histoire-et-patrimoine-de-saint-victor-montvianeix-puy-de-dome\/#primaryimage\"},\"image\":{\"@id\":\"https:\/\/charles-de-flahaut.fr\/annuaire-histoire-communes\/annuaire-professionnel\/histoire-et-patrimoine-de-saint-victor-montvianeix-puy-de-dome\/#primaryimage\"},\"thumbnailUrl\":\"https:\/\/charles-de-flahaut.fr\/annuaire-histoire-communes\/wp-content\/uploads\/2022\/10\/saintvictormontvianeix63-scaled.jpg\",\"datePublished\":\"2022-10-15T11:13:46+00:00\",\"description\":\"En 1791 furent r\u00e9unies les deux anciennes paroisses,\u00a0Saint-Victor La Loubi\u00e8re, appel\u00e9e aussi Saint-Victor sur Thiers - d\u00e9pendante de l\u2019\u00c9v\u00each\u00e9 de Lyon, et\u00a0Notre-Dame de\u00a0Montvianeix\",\"breadcrumb\":{\"@id\":\"https:\/\/charles-de-flahaut.fr\/annuaire-histoire-communes\/annuaire-professionnel\/histoire-et-patrimoine-de-saint-victor-montvianeix-puy-de-dome\/#breadcrumb\"},\"inLanguage\":\"fr-FR\",\"potentialAction\":[{\"@type\":\"ReadAction\",\"target\":[\"https:\/\/charles-de-flahaut.fr\/annuaire-histoire-communes\/annuaire-professionnel\/histoire-et-patrimoine-de-saint-victor-montvianeix-puy-de-dome\/\"]}]},{\"@type\":\"ImageObject\",\"inLanguage\":\"fr-FR\",\"@id\":\"https:\/\/charles-de-flahaut.fr\/annuaire-histoire-communes\/annuaire-professionnel\/histoire-et-patrimoine-de-saint-victor-montvianeix-puy-de-dome\/#primaryimage\",\"url\":\"https:\/\/charles-de-flahaut.fr\/annuaire-histoire-communes\/wp-content\/uploads\/2022\/10\/saintvictormontvianeix63-scaled.jpg\",\"contentUrl\":\"https:\/\/charles-de-flahaut.fr\/annuaire-histoire-communes\/wp-content\/uploads\/2022\/10\/saintvictormontvianeix63-scaled.jpg\",\"width\":1920,\"height\":2560},{\"@type\":\"BreadcrumbList\",\"@id\":\"https:\/\/charles-de-flahaut.fr\/annuaire-histoire-communes\/annuaire-professionnel\/histoire-et-patrimoine-de-saint-victor-montvianeix-puy-de-dome\/#breadcrumb\",\"itemListElement\":[{\"@type\":\"ListItem\",\"position\":1,\"name\":\"Accueil\",\"item\":\"https:\/\/charles-de-flahaut.fr\/annuaire-histoire-communes\/\"},{\"@type\":\"ListItem\",\"position\":2,\"name\":\"Histoire et patrimoine de Saint-Victor Montvianeix (Puy-de-D\u00f4me)\"}]},{\"@type\":\"WebSite\",\"@id\":\"https:\/\/charles-de-flahaut.fr\/annuaire-histoire-communes\/#website\",\"url\":\"https:\/\/charles-de-flahaut.fr\/annuaire-histoire-communes\/\",\"name\":\"Annuaire Historique des Communes de France\",\"description\":\"annuaire recensant les pages relatives \u00e0 l&#039;Histoire et au Patrimoine des villes et villages de France\",\"publisher\":{\"@id\":\"https:\/\/charles-de-flahaut.fr\/annuaire-histoire-communes\/#\/schema\/person\/d16946e994227e7154f6f213ea03ae7b\"},\"potentialAction\":[{\"@type\":\"SearchAction\",\"target\":{\"@type\":\"EntryPoint\",\"urlTemplate\":\"https:\/\/charles-de-flahaut.fr\/annuaire-histoire-communes\/?s={search_term_string}\"},\"query-input\":{\"@type\":\"PropertyValueSpecification\",\"valueRequired\":true,\"valueName\":\"search_term_string\"}}],\"inLanguage\":\"fr-FR\"},{\"@type\":[\"Person\",\"Organization\"],\"@id\":\"https:\/\/charles-de-flahaut.fr\/annuaire-histoire-communes\/#\/schema\/person\/d16946e994227e7154f6f213ea03ae7b\",\"name\":\"administrateur2\",\"image\":{\"@type\":\"ImageObject\",\"inLanguage\":\"fr-FR\",\"@id\":\"https:\/\/charles-de-flahaut.fr\/annuaire-histoire-communes\/#\/schema\/person\/image\/\",\"url\":\"https:\/\/secure.gravatar.com\/avatar\/d0fc7d68e15c7c456cf6f1b9b774d54a7a9e6452d8deac23b3f1ef133710d3d3?s=96&d=mm&r=g\",\"contentUrl\":\"https:\/\/secure.gravatar.com\/avatar\/d0fc7d68e15c7c456cf6f1b9b774d54a7a9e6452d8deac23b3f1ef133710d3d3?s=96&d=mm&r=g\",\"caption\":\"administrateur2\"},\"logo\":{\"@id\":\"https:\/\/charles-de-flahaut.fr\/annuaire-histoire-communes\/#\/schema\/person\/image\/\"},\"sameAs\":[\"https:\/\/www.facebook.com\/Sites.HistoiredeFrance\"]}]}<\/script>\n<!-- \/ Yoast SEO plugin. -->","yoast_head_json":{"title":"Histoire et patrimoine de Saint-Victor Montvianeix (Puy-de-D\u00f4me) - Annuaire Historique des Communes de France","description":"En 1791 furent r\u00e9unies les deux anciennes paroisses,\u00a0Saint-Victor La Loubi\u00e8re, appel\u00e9e aussi Saint-Victor sur Thiers - d\u00e9pendante de l\u2019\u00c9v\u00each\u00e9 de Lyon, et\u00a0Notre-Dame de\u00a0Montvianeix","robots":{"index":"index","follow":"follow","max-snippet":"max-snippet:-1","max-image-preview":"max-image-preview:large","max-video-preview":"max-video-preview:-1"},"canonical":"https:\/\/charles-de-flahaut.fr\/annuaire-histoire-communes\/annuaire-professionnel\/histoire-et-patrimoine-de-saint-victor-montvianeix-puy-de-dome\/","og_locale":"fr_FR","og_type":"article","og_title":"Histoire et patrimoine de Saint-Victor Montvianeix (Puy-de-D\u00f4me) - Annuaire Historique des Communes de France","og_description":"En 1791 furent r\u00e9unies les deux anciennes paroisses,\u00a0Saint-Victor La Loubi\u00e8re, appel\u00e9e aussi Saint-Victor sur Thiers - d\u00e9pendante de l\u2019\u00c9v\u00each\u00e9 de Lyon, et\u00a0Notre-Dame de\u00a0Montvianeix","og_url":"https:\/\/charles-de-flahaut.fr\/annuaire-histoire-communes\/annuaire-professionnel\/histoire-et-patrimoine-de-saint-victor-montvianeix-puy-de-dome\/","og_site_name":"Annuaire Historique des Communes de France","article_publisher":"https:\/\/www.facebook.com\/Sites.HistoiredeFrance","og_image":[{"width":1920,"height":2560,"url":"https:\/\/charles-de-flahaut.fr\/annuaire-histoire-communes\/wp-content\/uploads\/2022\/10\/saintvictormontvianeix63-scaled.jpg","type":"image\/jpeg"}],"twitter_card":"summary_large_image","twitter_misc":{"Dur\u00e9e de lecture estim\u00e9e":"1 minute"},"schema":{"@context":"https:\/\/schema.org","@graph":[{"@type":"WebPage","@id":"https:\/\/charles-de-flahaut.fr\/annuaire-histoire-communes\/annuaire-professionnel\/histoire-et-patrimoine-de-saint-victor-montvianeix-puy-de-dome\/","url":"https:\/\/charles-de-flahaut.fr\/annuaire-histoire-communes\/annuaire-professionnel\/histoire-et-patrimoine-de-saint-victor-montvianeix-puy-de-dome\/","name":"Histoire et patrimoine de Saint-Victor Montvianeix (Puy-de-D\u00f4me) - Annuaire Historique des Communes de France","isPartOf":{"@id":"https:\/\/charles-de-flahaut.fr\/annuaire-histoire-communes\/#website"},"primaryImageOfPage":{"@id":"https:\/\/charles-de-flahaut.fr\/annuaire-histoire-communes\/annuaire-professionnel\/histoire-et-patrimoine-de-saint-victor-montvianeix-puy-de-dome\/#primaryimage"},"image":{"@id":"https:\/\/charles-de-flahaut.fr\/annuaire-histoire-communes\/annuaire-professionnel\/histoire-et-patrimoine-de-saint-victor-montvianeix-puy-de-dome\/#primaryimage"},"thumbnailUrl":"https:\/\/charles-de-flahaut.fr\/annuaire-histoire-communes\/wp-content\/uploads\/2022\/10\/saintvictormontvianeix63-scaled.jpg","datePublished":"2022-10-15T11:13:46+00:00","description":"En 1791 furent r\u00e9unies les deux anciennes paroisses,\u00a0Saint-Victor La Loubi\u00e8re, appel\u00e9e aussi Saint-Victor sur Thiers - d\u00e9pendante de l\u2019\u00c9v\u00each\u00e9 de Lyon, et\u00a0Notre-Dame de\u00a0Montvianeix","breadcrumb":{"@id":"https:\/\/charles-de-flahaut.fr\/annuaire-histoire-communes\/annuaire-professionnel\/histoire-et-patrimoine-de-saint-victor-montvianeix-puy-de-dome\/#breadcrumb"},"inLanguage":"fr-FR","potentialAction":[{"@type":"ReadAction","target":["https:\/\/charles-de-flahaut.fr\/annuaire-histoire-communes\/annuaire-professionnel\/histoire-et-patrimoine-de-saint-victor-montvianeix-puy-de-dome\/"]}]},{"@type":"ImageObject","inLanguage":"fr-FR","@id":"https:\/\/charles-de-flahaut.fr\/annuaire-histoire-communes\/annuaire-professionnel\/histoire-et-patrimoine-de-saint-victor-montvianeix-puy-de-dome\/#primaryimage","url":"https:\/\/charles-de-flahaut.fr\/annuaire-histoire-communes\/wp-content\/uploads\/2022\/10\/saintvictormontvianeix63-scaled.jpg","contentUrl":"https:\/\/charles-de-flahaut.fr\/annuaire-histoire-communes\/wp-content\/uploads\/2022\/10\/saintvictormontvianeix63-scaled.jpg","width":1920,"height":2560},{"@type":"BreadcrumbList","@id":"https:\/\/charles-de-flahaut.fr\/annuaire-histoire-communes\/annuaire-professionnel\/histoire-et-patrimoine-de-saint-victor-montvianeix-puy-de-dome\/#breadcrumb","itemListElement":[{"@type":"ListItem","position":1,"name":"Accueil","item":"https:\/\/charles-de-flahaut.fr\/annuaire-histoire-communes\/"},{"@type":"ListItem","position":2,"name":"Histoire et patrimoine de Saint-Victor Montvianeix (Puy-de-D\u00f4me)"}]},{"@type":"WebSite","@id":"https:\/\/charles-de-flahaut.fr\/annuaire-histoire-communes\/#website","url":"https:\/\/charles-de-flahaut.fr\/annuaire-histoire-communes\/","name":"Annuaire Historique des Communes de France","description":"annuaire recensant les pages relatives \u00e0 l&#039;Histoire et au Patrimoine des villes et villages de France","publisher":{"@id":"https:\/\/charles-de-flahaut.fr\/annuaire-histoire-communes\/#\/schema\/person\/d16946e994227e7154f6f213ea03ae7b"},"potentialAction":[{"@type":"SearchAction","target":{"@type":"EntryPoint","urlTemplate":"https:\/\/charles-de-flahaut.fr\/annuaire-histoire-communes\/?s={search_term_string}"},"query-input":{"@type":"PropertyValueSpecification","valueRequired":true,"valueName":"search_term_string"}}],"inLanguage":"fr-FR"},{"@type":["Person","Organization"],"@id":"https:\/\/charles-de-flahaut.fr\/annuaire-histoire-communes\/#\/schema\/person\/d16946e994227e7154f6f213ea03ae7b","name":"administrateur2","image":{"@type":"ImageObject","inLanguage":"fr-FR","@id":"https:\/\/charles-de-flahaut.fr\/annuaire-histoire-communes\/#\/schema\/person\/image\/","url":"https:\/\/secure.gravatar.com\/avatar\/d0fc7d68e15c7c456cf6f1b9b774d54a7a9e6452d8deac23b3f1ef133710d3d3?s=96&d=mm&r=g","contentUrl":"https:\/\/secure.gravatar.com\/avatar\/d0fc7d68e15c7c456cf6f1b9b774d54a7a9e6452d8deac23b3f1ef133710d3d3?s=96&d=mm&r=g","caption":"administrateur2"},"logo":{"@id":"https:\/\/charles-de-flahaut.fr\/annuaire-histoire-communes\/#\/schema\/person\/image\/"},"sameAs":["https:\/\/www.facebook.com\/Sites.HistoiredeFrance"]}]}},"amp_enabled":true,"_links":{"self":[{"href":"https:\/\/charles-de-flahaut.fr\/annuaire-histoire-communes\/wp-json\/wp\/v2\/wpbdp_listing\/45024","targetHints":{"allow":["GET"]}}],"collection":[{"href":"https:\/\/charles-de-flahaut.fr\/annuaire-histoire-communes\/wp-json\/wp\/v2\/wpbdp_listing"}],"about":[{"href":"https:\/\/charles-de-flahaut.fr\/annuaire-histoire-communes\/wp-json\/wp\/v2\/types\/wpbdp_listing"}],"author":[{"embeddable":true,"href":"https:\/\/charles-de-flahaut.fr\/annuaire-histoire-communes\/wp-json\/wp\/v2\/users\/2"}],"replies":[{"embeddable":true,"href":"https:\/\/charles-de-flahaut.fr\/annuaire-histoire-communes\/wp-json\/wp\/v2\/comments?post=45024"}],"wp:featuredmedia":[{"embeddable":true,"href":"https:\/\/charles-de-flahaut.fr\/annuaire-histoire-communes\/wp-json\/wp\/v2\/media\/45025"}],"wp:attachment":[{"href":"https:\/\/charles-de-flahaut.fr\/annuaire-histoire-communes\/wp-json\/wp\/v2\/media?parent=45024"}],"wp:term":[{"taxonomy":"wpbdp_category","embeddable":true,"href":"https:\/\/charles-de-flahaut.fr\/annuaire-histoire-communes\/wp-json\/wp\/v2\/wpbdp_category?post=45024"},{"taxonomy":"wpbdp_tag","embeddable":true,"href":"https:\/\/charles-de-flahaut.fr\/annuaire-histoire-communes\/wp-json\/wp\/v2\/wpbdp_tag?post=45024"}],"curies":[{"name":"wp","href":"https:\/\/api.w.org\/{rel}","templated":true}]}}