{"id":46729,"date":"2023-01-13T20:25:00","date_gmt":"2023-01-13T19:25:00","guid":{"rendered":"https:\/\/charles-de-flahaut.fr\/annuaire-histoire-communes\/?post_type=wpbdp_listing&#038;p=46729"},"modified":"2023-01-13T20:25:00","modified_gmt":"2023-01-13T19:25:00","slug":"histoire-et-patrimoine-de-neuilly-en-thelle-oise","status":"publish","type":"wpbdp_listing","link":"https:\/\/charles-de-flahaut.fr\/annuaire-histoire-communes\/annuaire-professionnel\/histoire-et-patrimoine-de-neuilly-en-thelle-oise\/","title":{"rendered":"Histoire et patrimoine de Neuilly en Thelle (Oise)"},"content":{"rendered":"<p>Histoire et patrimoine de Neuilly en Thelle (Oise)<\/p>\n<p><img loading=\"lazy\" decoding=\"async\" class=\"alignleft size-medium wp-image-46730\" src=\"https:\/\/charles-de-flahaut.fr\/annuaire-histoire-communes\/wp-content\/uploads\/2023\/01\/neuillyenthelle60-225x300.webp\" alt=\"\" width=\"225\" height=\"300\" srcset=\"https:\/\/charles-de-flahaut.fr\/annuaire-histoire-communes\/wp-content\/uploads\/2023\/01\/neuillyenthelle60-225x300.webp 225w, https:\/\/charles-de-flahaut.fr\/annuaire-histoire-communes\/wp-content\/uploads\/2023\/01\/neuillyenthelle60-703x937.webp 703w, https:\/\/charles-de-flahaut.fr\/annuaire-histoire-communes\/wp-content\/uploads\/2023\/01\/neuillyenthelle60-160x213.webp 160w, https:\/\/charles-de-flahaut.fr\/annuaire-histoire-communes\/wp-content\/uploads\/2023\/01\/neuillyenthelle60-525x700.webp 525w, https:\/\/charles-de-flahaut.fr\/annuaire-histoire-communes\/wp-content\/uploads\/2023\/01\/neuillyenthelle60.webp 720w\" sizes=\"auto, (max-width: 225px) 100vw, 225px\" \/>Notre r\u00e9gion, apr\u00e8s la conqu\u00eate romaine, faisait partie de la province de Belgique. Elle formait le \u00ab Pagus Cambiasensus \u00bb d\u00e9pendant de la cit\u00e9 des Bellovaques dont la capitale, Cacsaromagus (aujourd\u2019hui Beauvais), avait \u00e9t\u00e9 fond\u00e9e par C\u00e9sar&#8230;.<\/p>\n<p>(image et extrait du site officiel de la commune&#8230; lire la suite)<\/p>\n","protected":false},"excerpt":{"rendered":"<p>Histoire et patrimoine de Neuilly en Thelle (Oise) Notre r\u00e9gion, apr\u00e8s la conqu\u00eate romaine, faisait partie de la province de Belgique. Elle formait le \u00ab Pagus Cambiasensus \u00bb d\u00e9pendant de la cit\u00e9 des Bellovaques dont la capitale, Cacsaromagus (aujourd\u2019hui Beauvais), &hellip; <a href=\"https:\/\/charles-de-flahaut.fr\/annuaire-histoire-communes\/annuaire-professionnel\/histoire-et-patrimoine-de-neuilly-en-thelle-oise\/\">Continuer la lecture <span class=\"meta-nav\">&rarr;<\/span><\/a><\/p>\n","protected":false},"author":2,"featured_media":46730,"comment_status":"open","ping_status":"closed","template":"","meta":[],"wpbdp_category":[8],"wpbdp_tag":[],"class_list":["post-46729","wpbdp_listing","type-wpbdp_listing","status-publish","has-post-thumbnail","hentry","wpbdp_category-60-oise"],"yoast_head":"<!-- This site is optimized with the Yoast SEO plugin v26.6 - https:\/\/yoast.com\/wordpress\/plugins\/seo\/ -->\n<title>Histoire et patrimoine de Neuilly en Thelle (Oise) - Annuaire Historique des Communes de France<\/title>\n<meta name=\"description\" content=\"Notre r\u00e9gion, apr\u00e8s la conqu\u00eate romaine, faisait partie de la province de Belgique. Elle formait le \u00ab Pagus Cambiasensus \u00bb\" \/>\n<meta name=\"robots\" content=\"index, follow, max-snippet:-1, max-image-preview:large, max-video-preview:-1\" \/>\n<link rel=\"canonical\" href=\"https:\/\/charles-de-flahaut.fr\/annuaire-histoire-communes\/annuaire-professionnel\/histoire-et-patrimoine-de-neuilly-en-thelle-oise\/\" \/>\n<meta property=\"og:locale\" content=\"fr_FR\" \/>\n<meta property=\"og:type\" content=\"article\" \/>\n<meta property=\"og:title\" content=\"Histoire et patrimoine de Neuilly en Thelle (Oise) - Annuaire Historique des Communes de France\" \/>\n<meta property=\"og:description\" content=\"Notre r\u00e9gion, apr\u00e8s la conqu\u00eate romaine, faisait partie de la province de Belgique. Elle formait le \u00ab Pagus Cambiasensus \u00bb\" \/>\n<meta property=\"og:url\" content=\"https:\/\/charles-de-flahaut.fr\/annuaire-histoire-communes\/annuaire-professionnel\/histoire-et-patrimoine-de-neuilly-en-thelle-oise\/\" \/>\n<meta property=\"og:site_name\" content=\"Annuaire Historique des Communes de France\" \/>\n<meta property=\"article:publisher\" content=\"https:\/\/www.facebook.com\/Sites.HistoiredeFrance\" \/>\n<meta property=\"og:image\" content=\"https:\/\/charles-de-flahaut.fr\/annuaire-histoire-communes\/wp-content\/uploads\/2023\/01\/neuillyenthelle60.webp\" \/>\n\t<meta property=\"og:image:width\" content=\"720\" \/>\n\t<meta property=\"og:image:height\" content=\"960\" \/>\n\t<meta property=\"og:image:type\" content=\"image\/webp\" \/>\n<meta name=\"twitter:card\" content=\"summary_large_image\" \/>\n<meta name=\"twitter:label1\" content=\"Dur\u00e9e de lecture estim\u00e9e\" \/>\n\t<meta name=\"twitter:data1\" content=\"1 minute\" \/>\n<script type=\"application\/ld+json\" class=\"yoast-schema-graph\">{\"@context\":\"https:\/\/schema.org\",\"@graph\":[{\"@type\":\"WebPage\",\"@id\":\"https:\/\/charles-de-flahaut.fr\/annuaire-histoire-communes\/annuaire-professionnel\/histoire-et-patrimoine-de-neuilly-en-thelle-oise\/\",\"url\":\"https:\/\/charles-de-flahaut.fr\/annuaire-histoire-communes\/annuaire-professionnel\/histoire-et-patrimoine-de-neuilly-en-thelle-oise\/\",\"name\":\"Histoire et patrimoine de Neuilly en Thelle (Oise) - Annuaire Historique des Communes de France\",\"isPartOf\":{\"@id\":\"https:\/\/charles-de-flahaut.fr\/annuaire-histoire-communes\/#website\"},\"primaryImageOfPage\":{\"@id\":\"https:\/\/charles-de-flahaut.fr\/annuaire-histoire-communes\/annuaire-professionnel\/histoire-et-patrimoine-de-neuilly-en-thelle-oise\/#primaryimage\"},\"image\":{\"@id\":\"https:\/\/charles-de-flahaut.fr\/annuaire-histoire-communes\/annuaire-professionnel\/histoire-et-patrimoine-de-neuilly-en-thelle-oise\/#primaryimage\"},\"thumbnailUrl\":\"https:\/\/charles-de-flahaut.fr\/annuaire-histoire-communes\/wp-content\/uploads\/2023\/01\/neuillyenthelle60.webp\",\"datePublished\":\"2023-01-13T19:25:00+00:00\",\"description\":\"Notre r\u00e9gion, apr\u00e8s la conqu\u00eate romaine, faisait partie de la province de Belgique. Elle formait le \u00ab Pagus Cambiasensus \u00bb\",\"breadcrumb\":{\"@id\":\"https:\/\/charles-de-flahaut.fr\/annuaire-histoire-communes\/annuaire-professionnel\/histoire-et-patrimoine-de-neuilly-en-thelle-oise\/#breadcrumb\"},\"inLanguage\":\"fr-FR\",\"potentialAction\":[{\"@type\":\"ReadAction\",\"target\":[\"https:\/\/charles-de-flahaut.fr\/annuaire-histoire-communes\/annuaire-professionnel\/histoire-et-patrimoine-de-neuilly-en-thelle-oise\/\"]}]},{\"@type\":\"ImageObject\",\"inLanguage\":\"fr-FR\",\"@id\":\"https:\/\/charles-de-flahaut.fr\/annuaire-histoire-communes\/annuaire-professionnel\/histoire-et-patrimoine-de-neuilly-en-thelle-oise\/#primaryimage\",\"url\":\"https:\/\/charles-de-flahaut.fr\/annuaire-histoire-communes\/wp-content\/uploads\/2023\/01\/neuillyenthelle60.webp\",\"contentUrl\":\"https:\/\/charles-de-flahaut.fr\/annuaire-histoire-communes\/wp-content\/uploads\/2023\/01\/neuillyenthelle60.webp\",\"width\":720,\"height\":960},{\"@type\":\"BreadcrumbList\",\"@id\":\"https:\/\/charles-de-flahaut.fr\/annuaire-histoire-communes\/annuaire-professionnel\/histoire-et-patrimoine-de-neuilly-en-thelle-oise\/#breadcrumb\",\"itemListElement\":[{\"@type\":\"ListItem\",\"position\":1,\"name\":\"Accueil\",\"item\":\"https:\/\/charles-de-flahaut.fr\/annuaire-histoire-communes\/\"},{\"@type\":\"ListItem\",\"position\":2,\"name\":\"Histoire et patrimoine de Neuilly en Thelle (Oise)\"}]},{\"@type\":\"WebSite\",\"@id\":\"https:\/\/charles-de-flahaut.fr\/annuaire-histoire-communes\/#website\",\"url\":\"https:\/\/charles-de-flahaut.fr\/annuaire-histoire-communes\/\",\"name\":\"Annuaire Historique des Communes de France\",\"description\":\"annuaire recensant les pages relatives \u00e0 l&#039;Histoire et au Patrimoine des villes et villages de France\",\"publisher\":{\"@id\":\"https:\/\/charles-de-flahaut.fr\/annuaire-histoire-communes\/#\/schema\/person\/d16946e994227e7154f6f213ea03ae7b\"},\"potentialAction\":[{\"@type\":\"SearchAction\",\"target\":{\"@type\":\"EntryPoint\",\"urlTemplate\":\"https:\/\/charles-de-flahaut.fr\/annuaire-histoire-communes\/?s={search_term_string}\"},\"query-input\":{\"@type\":\"PropertyValueSpecification\",\"valueRequired\":true,\"valueName\":\"search_term_string\"}}],\"inLanguage\":\"fr-FR\"},{\"@type\":[\"Person\",\"Organization\"],\"@id\":\"https:\/\/charles-de-flahaut.fr\/annuaire-histoire-communes\/#\/schema\/person\/d16946e994227e7154f6f213ea03ae7b\",\"name\":\"administrateur2\",\"image\":{\"@type\":\"ImageObject\",\"inLanguage\":\"fr-FR\",\"@id\":\"https:\/\/charles-de-flahaut.fr\/annuaire-histoire-communes\/#\/schema\/person\/image\/\",\"url\":\"https:\/\/secure.gravatar.com\/avatar\/d0fc7d68e15c7c456cf6f1b9b774d54a7a9e6452d8deac23b3f1ef133710d3d3?s=96&d=mm&r=g\",\"contentUrl\":\"https:\/\/secure.gravatar.com\/avatar\/d0fc7d68e15c7c456cf6f1b9b774d54a7a9e6452d8deac23b3f1ef133710d3d3?s=96&d=mm&r=g\",\"caption\":\"administrateur2\"},\"logo\":{\"@id\":\"https:\/\/charles-de-flahaut.fr\/annuaire-histoire-communes\/#\/schema\/person\/image\/\"},\"sameAs\":[\"https:\/\/www.facebook.com\/Sites.HistoiredeFrance\"]}]}<\/script>\n<!-- \/ Yoast SEO plugin. -->","yoast_head_json":{"title":"Histoire et patrimoine de Neuilly en Thelle (Oise) - Annuaire Historique des Communes de France","description":"Notre r\u00e9gion, apr\u00e8s la conqu\u00eate romaine, faisait partie de la province de Belgique. Elle formait le \u00ab Pagus Cambiasensus \u00bb","robots":{"index":"index","follow":"follow","max-snippet":"max-snippet:-1","max-image-preview":"max-image-preview:large","max-video-preview":"max-video-preview:-1"},"canonical":"https:\/\/charles-de-flahaut.fr\/annuaire-histoire-communes\/annuaire-professionnel\/histoire-et-patrimoine-de-neuilly-en-thelle-oise\/","og_locale":"fr_FR","og_type":"article","og_title":"Histoire et patrimoine de Neuilly en Thelle (Oise) - Annuaire Historique des Communes de France","og_description":"Notre r\u00e9gion, apr\u00e8s la conqu\u00eate romaine, faisait partie de la province de Belgique. Elle formait le \u00ab Pagus Cambiasensus \u00bb","og_url":"https:\/\/charles-de-flahaut.fr\/annuaire-histoire-communes\/annuaire-professionnel\/histoire-et-patrimoine-de-neuilly-en-thelle-oise\/","og_site_name":"Annuaire Historique des Communes de France","article_publisher":"https:\/\/www.facebook.com\/Sites.HistoiredeFrance","og_image":[{"width":720,"height":960,"url":"https:\/\/charles-de-flahaut.fr\/annuaire-histoire-communes\/wp-content\/uploads\/2023\/01\/neuillyenthelle60.webp","type":"image\/webp"}],"twitter_card":"summary_large_image","twitter_misc":{"Dur\u00e9e de lecture estim\u00e9e":"1 minute"},"schema":{"@context":"https:\/\/schema.org","@graph":[{"@type":"WebPage","@id":"https:\/\/charles-de-flahaut.fr\/annuaire-histoire-communes\/annuaire-professionnel\/histoire-et-patrimoine-de-neuilly-en-thelle-oise\/","url":"https:\/\/charles-de-flahaut.fr\/annuaire-histoire-communes\/annuaire-professionnel\/histoire-et-patrimoine-de-neuilly-en-thelle-oise\/","name":"Histoire et patrimoine de Neuilly en Thelle (Oise) - Annuaire Historique des Communes de France","isPartOf":{"@id":"https:\/\/charles-de-flahaut.fr\/annuaire-histoire-communes\/#website"},"primaryImageOfPage":{"@id":"https:\/\/charles-de-flahaut.fr\/annuaire-histoire-communes\/annuaire-professionnel\/histoire-et-patrimoine-de-neuilly-en-thelle-oise\/#primaryimage"},"image":{"@id":"https:\/\/charles-de-flahaut.fr\/annuaire-histoire-communes\/annuaire-professionnel\/histoire-et-patrimoine-de-neuilly-en-thelle-oise\/#primaryimage"},"thumbnailUrl":"https:\/\/charles-de-flahaut.fr\/annuaire-histoire-communes\/wp-content\/uploads\/2023\/01\/neuillyenthelle60.webp","datePublished":"2023-01-13T19:25:00+00:00","description":"Notre r\u00e9gion, apr\u00e8s la conqu\u00eate romaine, faisait partie de la province de Belgique. Elle formait le \u00ab Pagus Cambiasensus \u00bb","breadcrumb":{"@id":"https:\/\/charles-de-flahaut.fr\/annuaire-histoire-communes\/annuaire-professionnel\/histoire-et-patrimoine-de-neuilly-en-thelle-oise\/#breadcrumb"},"inLanguage":"fr-FR","potentialAction":[{"@type":"ReadAction","target":["https:\/\/charles-de-flahaut.fr\/annuaire-histoire-communes\/annuaire-professionnel\/histoire-et-patrimoine-de-neuilly-en-thelle-oise\/"]}]},{"@type":"ImageObject","inLanguage":"fr-FR","@id":"https:\/\/charles-de-flahaut.fr\/annuaire-histoire-communes\/annuaire-professionnel\/histoire-et-patrimoine-de-neuilly-en-thelle-oise\/#primaryimage","url":"https:\/\/charles-de-flahaut.fr\/annuaire-histoire-communes\/wp-content\/uploads\/2023\/01\/neuillyenthelle60.webp","contentUrl":"https:\/\/charles-de-flahaut.fr\/annuaire-histoire-communes\/wp-content\/uploads\/2023\/01\/neuillyenthelle60.webp","width":720,"height":960},{"@type":"BreadcrumbList","@id":"https:\/\/charles-de-flahaut.fr\/annuaire-histoire-communes\/annuaire-professionnel\/histoire-et-patrimoine-de-neuilly-en-thelle-oise\/#breadcrumb","itemListElement":[{"@type":"ListItem","position":1,"name":"Accueil","item":"https:\/\/charles-de-flahaut.fr\/annuaire-histoire-communes\/"},{"@type":"ListItem","position":2,"name":"Histoire et patrimoine de Neuilly en Thelle (Oise)"}]},{"@type":"WebSite","@id":"https:\/\/charles-de-flahaut.fr\/annuaire-histoire-communes\/#website","url":"https:\/\/charles-de-flahaut.fr\/annuaire-histoire-communes\/","name":"Annuaire Historique des Communes de France","description":"annuaire recensant les pages relatives \u00e0 l&#039;Histoire et au Patrimoine des villes et villages de France","publisher":{"@id":"https:\/\/charles-de-flahaut.fr\/annuaire-histoire-communes\/#\/schema\/person\/d16946e994227e7154f6f213ea03ae7b"},"potentialAction":[{"@type":"SearchAction","target":{"@type":"EntryPoint","urlTemplate":"https:\/\/charles-de-flahaut.fr\/annuaire-histoire-communes\/?s={search_term_string}"},"query-input":{"@type":"PropertyValueSpecification","valueRequired":true,"valueName":"search_term_string"}}],"inLanguage":"fr-FR"},{"@type":["Person","Organization"],"@id":"https:\/\/charles-de-flahaut.fr\/annuaire-histoire-communes\/#\/schema\/person\/d16946e994227e7154f6f213ea03ae7b","name":"administrateur2","image":{"@type":"ImageObject","inLanguage":"fr-FR","@id":"https:\/\/charles-de-flahaut.fr\/annuaire-histoire-communes\/#\/schema\/person\/image\/","url":"https:\/\/secure.gravatar.com\/avatar\/d0fc7d68e15c7c456cf6f1b9b774d54a7a9e6452d8deac23b3f1ef133710d3d3?s=96&d=mm&r=g","contentUrl":"https:\/\/secure.gravatar.com\/avatar\/d0fc7d68e15c7c456cf6f1b9b774d54a7a9e6452d8deac23b3f1ef133710d3d3?s=96&d=mm&r=g","caption":"administrateur2"},"logo":{"@id":"https:\/\/charles-de-flahaut.fr\/annuaire-histoire-communes\/#\/schema\/person\/image\/"},"sameAs":["https:\/\/www.facebook.com\/Sites.HistoiredeFrance"]}]}},"amp_enabled":true,"_links":{"self":[{"href":"https:\/\/charles-de-flahaut.fr\/annuaire-histoire-communes\/wp-json\/wp\/v2\/wpbdp_listing\/46729","targetHints":{"allow":["GET"]}}],"collection":[{"href":"https:\/\/charles-de-flahaut.fr\/annuaire-histoire-communes\/wp-json\/wp\/v2\/wpbdp_listing"}],"about":[{"href":"https:\/\/charles-de-flahaut.fr\/annuaire-histoire-communes\/wp-json\/wp\/v2\/types\/wpbdp_listing"}],"author":[{"embeddable":true,"href":"https:\/\/charles-de-flahaut.fr\/annuaire-histoire-communes\/wp-json\/wp\/v2\/users\/2"}],"replies":[{"embeddable":true,"href":"https:\/\/charles-de-flahaut.fr\/annuaire-histoire-communes\/wp-json\/wp\/v2\/comments?post=46729"}],"wp:featuredmedia":[{"embeddable":true,"href":"https:\/\/charles-de-flahaut.fr\/annuaire-histoire-communes\/wp-json\/wp\/v2\/media\/46730"}],"wp:attachment":[{"href":"https:\/\/charles-de-flahaut.fr\/annuaire-histoire-communes\/wp-json\/wp\/v2\/media?parent=46729"}],"wp:term":[{"taxonomy":"wpbdp_category","embeddable":true,"href":"https:\/\/charles-de-flahaut.fr\/annuaire-histoire-communes\/wp-json\/wp\/v2\/wpbdp_category?post=46729"},{"taxonomy":"wpbdp_tag","embeddable":true,"href":"https:\/\/charles-de-flahaut.fr\/annuaire-histoire-communes\/wp-json\/wp\/v2\/wpbdp_tag?post=46729"}],"curies":[{"name":"wp","href":"https:\/\/api.w.org\/{rel}","templated":true}]}}